{"id":7691,"date":"2021-09-09T16:55:47","date_gmt":"2021-09-09T14:55:47","guid":{"rendered":"http:\/\/vilafames.org\/?page_id=7691"},"modified":"2025-03-06T16:04:04","modified_gmt":"2025-03-06T15:04:04","slug":"resoluciones-para-entrega-de-pegatinas","status":"publish","type":"page","link":"https:\/\/vilafames.org\/es\/resoluciones-para-entrega-de-pegatinas\/","title":{"rendered":"Resolucions per a lliurament d\u2019adhesius acc\u00e9s al casc hist\u00f2ric art\u00edstic per a ve\u00efns"},"content":{"rendered":"<p>[vc_row][vc_column][vc_column_text]En esta p\u00e1gina se publicar\u00e1n las resoluciones para la concesi\u00f3n de adhesivos relativas al acceso a casco hist\u00f3rico art\u00edstico para vecinos\/as. Los adhesivos se repartir\u00e1n semanalmente, en cada resoluci\u00f3n estar\u00e1 indicado los\/las vecinos\/as (DNI y matr\u00edculas) que deber\u00e1n pasar a recogerlas cada semana. <strong>En caso de no personarse el\/la titular del veh\u00edculo se aportar\u00e1 autorizaci\u00f3n expresa del\/a titular para poder recogerla.<\/strong><br \/>\nAl llegar al Ayuntamiento deber\u00e1n dirigirse a recepci\u00f3n, donde se les entregar\u00e1 los adhesivos correspondientes habiendo firmado antes la recepci\u00f3n de los mismos. No es necesario pedir cita previa.<br \/>\nEn caso de duda, contactar por tel. mediante el siguiente n\u00famero: 964 32 90 01<\/p>\n<h3>Documentos<\/h3>\n<ul class=\"post-attachments\">\n<li class=\"post-attachment mime-application-pdf\"><a href=\"https:\/\/vilafames.org\/wp-content\/uploads\/20210910_Publicacio_Anunci_ANUNCIO.pdf\">Primera resoluci\u00f3 &#8211; 09\/09\/2021<\/a><\/li>\n<li class=\"post-attachment mime-application-pdf\"><a href=\"https:\/\/vilafames.org\/wp-content\/uploads\/20211006_Publicacio_Anunci_Anuncio-2-pases-vecinos-acceso-casco-historico.pdf\" target=\"_blank\" rel=\"noopener\">Segona Resoluci\u00f3 &#8211; 06\/10\/2021<\/a><\/li>\n<li class=\"post-attachment mime-application-pdf\"><a href=\"https:\/\/vilafames.org\/wp-content\/uploads\/20211123_Publicacio_Anunci_Anuncio-acceso-casco-historico-III.pdf\" target=\"_blank\" rel=\"noopener\">Tercera Resoluci\u00f3 &#8211; 22\/11\/2021<\/a><\/li>\n<li class=\"post-attachment mime-application-pdf\"><a href=\"https:\/\/vilafames.org\/wp-content\/uploads\/20220112_Publicacio_Anunci_Anuncio-rectificacion-4.pdf\" target=\"_blank\" rel=\"noopener\">Quarta Resoluci\u00f3 &#8211; 14\/01\/2022 (modificaci\u00f3)<\/a><\/li>\n<li class=\"post-attachment mime-application-pdf\"><a href=\"https:\/\/vilafames.org\/wp-content\/uploads\/20220221_Publicacio_Anunci_Anuncio-acceso-casco-historico-V.pdf\" target=\"_blank\" rel=\"noopener\">Quinta resoluci\u00f3 &#8211; 21\/02\/2022<\/a><\/li>\n<li class=\"post-attachment mime-application-pdf\"><a href=\"https:\/\/vilafames.org\/wp-content\/uploads\/20220228_Publicacio_Anunci_anuncio-errores-matricula.pdf\" target=\"_blank\" rel=\"noopener\">Modificaci\u00f3 a la quinta resoluci\u00f3 &#8211; 02\/03\/2022<\/a><\/li>\n<li class=\"post-attachment mime-application-pdf\"><a href=\"https:\/\/vilafames.org\/wp-content\/uploads\/Anunci-rectificacio-errades-Resolucio-de-31.03.2022-autoritzacio-acces-CH.pdf\" target=\"_blank\" rel=\"noopener\">Segona modificaci\u00f3 a la quinta resoluci\u00f3 &#8211; 31\/03\/2022<\/a><\/li>\n<li class=\"post-attachment mime-application-pdf\"><a href=\"https:\/\/vilafames.org\/wp-content\/uploads\/Anunci-autoritzacions-acces-CH-num-6.pdf\" target=\"_blank\" rel=\"noopener\">Sexta resoluci\u00f3 &#8211; 05\/04\/2022<\/a><\/li>\n<li class=\"post-attachment mime-application-pdf\"><a href=\"https:\/\/vilafames.org\/wp-content\/uploads\/20220511_Publicacio_Anunci_Anunci-Ressolucio-Maig-2022.pdf\" target=\"_blank\" rel=\"noopener\">S\u00e9ptima resoluci\u00f3 &#8211; 11\/05\/2022<\/a><\/li>\n<li class=\"post-attachment mime-application-pdf\"><a href=\"https:\/\/vilafames.org\/wp-content\/uploads\/Huitena-Resolucio-30.05.2022.pdf\" target=\"_blank\" rel=\"noopener\">Huitena Resoluci\u00f3 (30.05.2022)<\/a><\/li>\n<li class=\"post-attachment mime-application-pdf\"><a href=\"https:\/\/vilafames.org\/wp-content\/uploads\/Anunci-Resolucio-derrades.pdf\" target=\"_blank\" rel=\"noopener\">Anunci Resoluci\u00f3 d&#8217;errades<\/a><\/li>\n<li class=\"post-attachment mime-application-pdf\"><a href=\"https:\/\/vilafames.org\/wp-content\/uploads\/Novena-Resolucio-21.07.2022.pdf\" target=\"_blank\" rel=\"noopener\">Novena Resoluci\u00f3 (21.07.2022)<\/a><\/li>\n<li class=\"post-attachment mime-application-pdf\"><a href=\"https:\/\/vilafames.org\/wp-content\/uploads\/Desena-resolucio.pdf\" target=\"_blank\" rel=\"noopener\">Desena resoluci\u00f3 (26.08.2022)<\/a><\/li>\n<li class=\"post-attachment mime-application-pdf\"><a href=\"https:\/\/vilafames.org\/wp-content\/uploads\/20220915_Publicacio_Anunci_Anuncio-casco-historico-XI-1.pdf\" target=\"_blank\" rel=\"noopener\">Onzena Resoluci\u00f3 (15.09.2022)<\/a><\/li>\n<li class=\"post-attachment mime-application-pdf\"><a href=\"https:\/\/vilafames.org\/wp-content\/uploads\/Resolucio-rectificacio-resolucions-num-4-7-9-i-10-30-09-2022.pdf\" target=\"_blank\" rel=\"noopener\">Resoluci\u00f3 rectificaci\u00f3 resolucions n\u00fam 4, 7, 9 i 10 (30-09-2022)<\/a><\/li>\n<li class=\"post-attachment mime-application-pdf\"><a href=\"https:\/\/vilafames.org\/wp-content\/uploads\/Dotzena-Resolucio-39-09-2022.pdf\" target=\"_blank\" rel=\"noopener\">Dotzena Resoluci\u00f3 (30-09-2022)<\/a><\/li>\n<li class=\"post-attachment mime-application-pdf\"><a href=\"https:\/\/vilafames.org\/wp-content\/uploads\/20221014_Publicacio_Anunci_Anuncio-casco-historico-XIII.pdf\" target=\"_blank\" rel=\"noopener\">Tretzena Resoluci\u00f3 &#8211; 14\/10\/2022<\/a><\/li>\n<li class=\"post-attachment mime-application-pdf\"><a href=\"https:\/\/vilafames.org\/wp-content\/uploads\/20221031_Publicacio_Anunci_Anuncio-casco-historico-XIV.pdf\" target=\"_blank\" rel=\"noopener\">Catorzena Resoluci\u00f3 &#8211; 31\/10\/2022<\/a><\/li>\n<li class=\"post-attachment mime-application-pdf\"><a href=\"https:\/\/vilafames.org\/wp-content\/uploads\/Anunci_Anuncio-casco-historico-XV.pdf\" target=\"_blank\" rel=\"noopener\">Quinzena Resoluci\u00f3 15.11.2022<\/a><\/li>\n<li class=\"post-attachment mime-application-pdf\"><a href=\"https:\/\/vilafames.org\/wp-content\/uploads\/Sisena-resolucio-1.12.2022.pdf\" target=\"_blank\" rel=\"noopener\">Setzena resoluci\u00f3 (1.12.2022)<\/a><\/li>\n<li class=\"post-attachment mime-application-pdf\"><a href=\"https:\/\/vilafames.org\/wp-content\/uploads\/Anuncio-casco-historico-XVII.pdf\" target=\"_blank\" rel=\"noopener\">D\u00e8ssetena resoluci\u00f3 (30.12.2022)<\/a><\/li>\n<li class=\"post-attachment mime-application-pdf\"><a href=\"https:\/\/vilafames.org\/wp-content\/uploads\/Dihuitena-Resolucio-Anuncio-casco-historico-XVIII.pdf\" target=\"_blank\" rel=\"noopener\">Dihuitena Resoluci\u00f3 (08.02.2023)<\/a><\/li>\n<li class=\"post-attachment mime-application-pdf\"><a href=\"https:\/\/vilafames.org\/wp-content\/uploads\/Anuncio-casco-historico-XIX.pdf\" target=\"_blank\" rel=\"noopener\">Dinov\u00e8na Resoluci\u00f3 (17-03-2023)<\/a><\/li>\n<li class=\"post-attachment mime-application-pdf\"><a href=\"https:\/\/vilafames.org\/wp-content\/uploads\/XX-13-4-23-Anuncio-casco-historico-XX.pdf\" target=\"_blank\" rel=\"noopener\">Vintena resoluci\u00f3 14.03.2023<\/a><\/li>\n<li class=\"post-attachment mime-application-pdf\"><a href=\"https:\/\/vilafames.org\/wp-content\/uploads\/XXI-Resolucio-11-5-23.pdf\" target=\"_blank\" rel=\"noopener\">Vint-i-unena Resoluci\u00f3 11.05.2023<\/a><\/li>\n<li class=\"post-attachment mime-application-pdf\"><a href=\"https:\/\/vilafames.org\/wp-content\/uploads\/vint-i-dosena-Resolucio-15-6-2023.pdf\" target=\"_blank\" rel=\"noopener\">vint-i-dosena Resoluci\u00f3 15-6-2023<\/a><\/li>\n<li class=\"post-attachment mime-application-pdf\"><a href=\"https:\/\/vilafames.org\/wp-content\/uploads\/Vint-i-tresena-Resolucio-8-08-2023.pdf\" target=\"_blank\" rel=\"noopener\">Vint-i-tresena Resoluci\u00f3 8-08-2023<\/a><\/li>\n<li class=\"post-attachment mime-application-pdf\"><a href=\"https:\/\/vilafames.org\/wp-content\/uploads\/XXIV-Resolucio-pase-vehi-4-10-2023.pdf\" target=\"_blank\" rel=\"noopener\">XXIV-Resoluci\u00f3, 4-10-2023<\/a><\/li>\n<li class=\"post-attachment mime-application-pdf\"><a href=\"https:\/\/vilafames.org\/wp-content\/uploads\/XXV-Resolucio-1-12-2023.pdf\" target=\"_blank\" rel=\"noopener\">XXV-Resolucio 1-12-2023<\/a><\/li>\n<li class=\"post-attachment mime-application-pdf\"><a href=\"https:\/\/vilafames.org\/wp-content\/uploads\/20240214_Publicacio_Anunci_Anuncio-casco-historico-XXVI.pdf\" target=\"_blank\" rel=\"noopener\">XXVI Resoluci\u00f3, 14-02-2024<\/a><\/li>\n<li class=\"post-attachment mime-application-pdf\"><a href=\"https:\/\/vilafames.org\/wp-content\/uploads\/XXVII-Resolucio-26-03-2024.pdf\" target=\"_blank\" rel=\"noopener\">XXVII Resoluci\u00f3, 26-03-2024<\/a><\/li>\n<li class=\"post-attachment mime-application-pdf\"><a href=\"https:\/\/vilafames.org\/wp-content\/uploads\/20240503_Publicacio_Anunci_Anuncio-casco-historico-XXVIII.pdf\" target=\"_blank\" rel=\"noopener\">XXVIII Resoluci\u00f3 , 2-05-2024<\/a><\/li>\n<li class=\"post-attachment mime-application-pdf\"><a href=\"https:\/\/vilafames.org\/wp-content\/uploads\/Anuncio-casco-historico-XXIX-1.pdf\" target=\"_blank\" rel=\"noopener\">XXIX Resoluci\u00f3, 2-08-2024<\/a><\/li>\n<li class=\"post-attachment mime-application-pdf\"><a href=\"https:\/\/vilafames.org\/wp-content\/uploads\/Anuncio-casco-historico-XXX.pdf\" target=\"_blank\" rel=\"noopener\">XXX Resoluci\u00f3, 3-12-2024<\/a><\/li>\n<\/ul>\n<p>[\/vc_column_text][\/vc_column][\/vc_row]","protected":false},"excerpt":{"rendered":"<p>[vc_row][vc_column][vc_column_text]En esta p\u00e1gina se publicar\u00e1n las resoluciones para la concesi\u00f3n de adhesivos relativas al acceso a casco hist\u00f3rico art\u00edstico para vecinos\/as. Los adhesivos se repartir\u00e1n semanalmente, en cada resoluci\u00f3n estar\u00e1 indicado los\/las vecinos\/as (DNI y matr\u00edculas) que deber\u00e1n pasar a recogerlas cada semana. En caso de no personarse el\/la titular del veh\u00edculo se aportar\u00e1 autorizaci\u00f3n [&hellip;]<\/p>\n","protected":false},"author":3,"featured_media":0,"parent":0,"menu_order":0,"comment_status":"closed","ping_status":"closed","template":"","meta":{"footnotes":""},"class_list":["post-7691","page","type-page","status-publish","hentry"],"yoast_head":"<!-- This site is optimized with the Yoast SEO plugin v24.8.1 - https:\/\/yoast.com\/wordpress\/plugins\/seo\/ -->\n<title>Resolucions per a lliurament d\u2019adhesius acc\u00e9s al casc hist\u00f2ric art\u00edstic per a ve\u00efns - Web de l&#039;Ajuntament de Vilafam\u00e9s<\/title>\n<meta name=\"robots\" content=\"index, follow, max-snippet:-1, max-image-preview:large, max-video-preview:-1\" \/>\n<link rel=\"canonical\" href=\"https:\/\/vilafames.org\/resoluciones-para-entrega-de-pegatinas\/\" \/>\n<meta property=\"og:locale\" content=\"es_ES\" \/>\n<meta property=\"og:type\" content=\"article\" \/>\n<meta property=\"og:title\" content=\"Resolucions per a lliurament d\u2019adhesius acc\u00e9s al casc hist\u00f2ric art\u00edstic per a ve\u00efns - Web de l&#039;Ajuntament de Vilafam\u00e9s\" \/>\n<meta property=\"og:description\" content=\"[vc_row][vc_column][vc_column_text]En esta p\u00e1gina se publicar\u00e1n las resoluciones para la concesi\u00f3n de adhesivos relativas al acceso a casco hist\u00f3rico art\u00edstico para vecinos\/as. Los adhesivos se repartir\u00e1n semanalmente, en cada resoluci\u00f3n estar\u00e1 indicado los\/las vecinos\/as (DNI y matr\u00edculas) que deber\u00e1n pasar a recogerlas cada semana. En caso de no personarse el\/la titular del veh\u00edculo se aportar\u00e1 autorizaci\u00f3n [&hellip;]\" \/>\n<meta property=\"og:url\" content=\"https:\/\/vilafames.org\/resoluciones-para-entrega-de-pegatinas\/\" \/>\n<meta property=\"og:site_name\" content=\"Web de l&#039;Ajuntament de Vilafam\u00e9s\" \/>\n<meta property=\"article:publisher\" content=\"https:\/\/www.facebook.com\/AjuntamentVilafames\" \/>\n<meta property=\"article:modified_time\" content=\"2025-03-06T15:04:04+00:00\" \/>\n<meta name=\"twitter:card\" content=\"summary_large_image\" \/>\n<meta name=\"twitter:site\" content=\"@ajtvilafames\" \/>\n<meta name=\"twitter:label1\" content=\"Tiempo de lectura\" \/>\n\t<meta name=\"twitter:data1\" content=\"3 minutos\" \/>\n<script type=\"application\/ld+json\" class=\"yoast-schema-graph\">{\"@context\":\"https:\/\/schema.org\",\"@graph\":[{\"@type\":\"WebPage\",\"@id\":\"https:\/\/vilafames.org\/resoluciones-para-entrega-de-pegatinas\/\",\"url\":\"https:\/\/vilafames.org\/resoluciones-para-entrega-de-pegatinas\/\",\"name\":\"Resolucions per a lliurament d\u2019adhesius acc\u00e9s al casc hist\u00f2ric art\u00edstic per a ve\u00efns - Web de l&#039;Ajuntament de Vilafam\u00e9s\",\"isPartOf\":{\"@id\":\"https:\/\/vilafames.org\/#website\"},\"datePublished\":\"2021-09-09T14:55:47+00:00\",\"dateModified\":\"2025-03-06T15:04:04+00:00\",\"breadcrumb\":{\"@id\":\"https:\/\/vilafames.org\/resoluciones-para-entrega-de-pegatinas\/#breadcrumb\"},\"inLanguage\":\"es\",\"potentialAction\":[{\"@type\":\"ReadAction\",\"target\":[\"https:\/\/vilafames.org\/resoluciones-para-entrega-de-pegatinas\/\"]}]},{\"@type\":\"BreadcrumbList\",\"@id\":\"https:\/\/vilafames.org\/resoluciones-para-entrega-de-pegatinas\/#breadcrumb\",\"itemListElement\":[{\"@type\":\"ListItem\",\"position\":1,\"name\":\"Inici\",\"item\":\"https:\/\/vilafames.org\/\"},{\"@type\":\"ListItem\",\"position\":2,\"name\":\"Resolucions per a lliurament d\u2019adhesius acc\u00e9s al casc hist\u00f2ric art\u00edstic per a ve\u00efns\"}]},{\"@type\":\"WebSite\",\"@id\":\"https:\/\/vilafames.org\/#website\",\"url\":\"https:\/\/vilafames.org\/\",\"name\":\"Web de l'Ajuntament de Vilafam\u00e9s\",\"description\":\"Web de l&#039;Ajuntament de Vilafam\u00e9s\",\"publisher\":{\"@id\":\"https:\/\/vilafames.org\/#organization\"},\"potentialAction\":[{\"@type\":\"SearchAction\",\"target\":{\"@type\":\"EntryPoint\",\"urlTemplate\":\"https:\/\/vilafames.org\/?s={search_term_string}\"},\"query-input\":{\"@type\":\"PropertyValueSpecification\",\"valueRequired\":true,\"valueName\":\"search_term_string\"}}],\"inLanguage\":\"es\"},{\"@type\":\"Organization\",\"@id\":\"https:\/\/vilafames.org\/#organization\",\"name\":\"Web de l'Ajuntament de Vilafam\u00e9s\",\"url\":\"https:\/\/vilafames.org\/\",\"logo\":{\"@type\":\"ImageObject\",\"inLanguage\":\"es\",\"@id\":\"https:\/\/vilafames.org\/#\/schema\/logo\/image\/\",\"url\":\"https:\/\/vilafames.org\/wp-content\/uploads\/cropped-marca_v_rgb-1-1.png\",\"contentUrl\":\"https:\/\/vilafames.org\/wp-content\/uploads\/cropped-marca_v_rgb-1-1.png\",\"width\":558,\"height\":269,\"caption\":\"Web de l'Ajuntament de Vilafam\u00e9s\"},\"image\":{\"@id\":\"https:\/\/vilafames.org\/#\/schema\/logo\/image\/\"},\"sameAs\":[\"https:\/\/www.facebook.com\/AjuntamentVilafames\",\"https:\/\/x.com\/ajtvilafames\",\"https:\/\/www.instagram.com\/ajuntamentvilafames\/\",\"https:\/\/www.youtube.com\/channel\/UCjXWt3n8FHiahgKqHZWOTXQ\"]}]}<\/script>\n<!-- \/ Yoast SEO plugin. -->","yoast_head_json":{"title":"Resolucions per a lliurament d\u2019adhesius acc\u00e9s al casc hist\u00f2ric art\u00edstic per a ve\u00efns - Web de l&#039;Ajuntament de Vilafam\u00e9s","robots":{"index":"index","follow":"follow","max-snippet":"max-snippet:-1","max-image-preview":"max-image-preview:large","max-video-preview":"max-video-preview:-1"},"canonical":"https:\/\/vilafames.org\/resoluciones-para-entrega-de-pegatinas\/","og_locale":"es_ES","og_type":"article","og_title":"Resolucions per a lliurament d\u2019adhesius acc\u00e9s al casc hist\u00f2ric art\u00edstic per a ve\u00efns - Web de l&#039;Ajuntament de Vilafam\u00e9s","og_description":"[vc_row][vc_column][vc_column_text]En esta p\u00e1gina se publicar\u00e1n las resoluciones para la concesi\u00f3n de adhesivos relativas al acceso a casco hist\u00f3rico art\u00edstico para vecinos\/as. Los adhesivos se repartir\u00e1n semanalmente, en cada resoluci\u00f3n estar\u00e1 indicado los\/las vecinos\/as (DNI y matr\u00edculas) que deber\u00e1n pasar a recogerlas cada semana. En caso de no personarse el\/la titular del veh\u00edculo se aportar\u00e1 autorizaci\u00f3n [&hellip;]","og_url":"https:\/\/vilafames.org\/resoluciones-para-entrega-de-pegatinas\/","og_site_name":"Web de l&#039;Ajuntament de Vilafam\u00e9s","article_publisher":"https:\/\/www.facebook.com\/AjuntamentVilafames","article_modified_time":"2025-03-06T15:04:04+00:00","twitter_card":"summary_large_image","twitter_site":"@ajtvilafames","twitter_misc":{"Tiempo de lectura":"3 minutos"},"schema":{"@context":"https:\/\/schema.org","@graph":[{"@type":"WebPage","@id":"https:\/\/vilafames.org\/resoluciones-para-entrega-de-pegatinas\/","url":"https:\/\/vilafames.org\/resoluciones-para-entrega-de-pegatinas\/","name":"Resolucions per a lliurament d\u2019adhesius acc\u00e9s al casc hist\u00f2ric art\u00edstic per a ve\u00efns - Web de l&#039;Ajuntament de Vilafam\u00e9s","isPartOf":{"@id":"https:\/\/vilafames.org\/#website"},"datePublished":"2021-09-09T14:55:47+00:00","dateModified":"2025-03-06T15:04:04+00:00","breadcrumb":{"@id":"https:\/\/vilafames.org\/resoluciones-para-entrega-de-pegatinas\/#breadcrumb"},"inLanguage":"es","potentialAction":[{"@type":"ReadAction","target":["https:\/\/vilafames.org\/resoluciones-para-entrega-de-pegatinas\/"]}]},{"@type":"BreadcrumbList","@id":"https:\/\/vilafames.org\/resoluciones-para-entrega-de-pegatinas\/#breadcrumb","itemListElement":[{"@type":"ListItem","position":1,"name":"Inici","item":"https:\/\/vilafames.org\/"},{"@type":"ListItem","position":2,"name":"Resolucions per a lliurament d\u2019adhesius acc\u00e9s al casc hist\u00f2ric art\u00edstic per a ve\u00efns"}]},{"@type":"WebSite","@id":"https:\/\/vilafames.org\/#website","url":"https:\/\/vilafames.org\/","name":"Web de l'Ajuntament de Vilafam\u00e9s","description":"Web de l&#039;Ajuntament de Vilafam\u00e9s","publisher":{"@id":"https:\/\/vilafames.org\/#organization"},"potentialAction":[{"@type":"SearchAction","target":{"@type":"EntryPoint","urlTemplate":"https:\/\/vilafames.org\/?s={search_term_string}"},"query-input":{"@type":"PropertyValueSpecification","valueRequired":true,"valueName":"search_term_string"}}],"inLanguage":"es"},{"@type":"Organization","@id":"https:\/\/vilafames.org\/#organization","name":"Web de l'Ajuntament de Vilafam\u00e9s","url":"https:\/\/vilafames.org\/","logo":{"@type":"ImageObject","inLanguage":"es","@id":"https:\/\/vilafames.org\/#\/schema\/logo\/image\/","url":"https:\/\/vilafames.org\/wp-content\/uploads\/cropped-marca_v_rgb-1-1.png","contentUrl":"https:\/\/vilafames.org\/wp-content\/uploads\/cropped-marca_v_rgb-1-1.png","width":558,"height":269,"caption":"Web de l'Ajuntament de Vilafam\u00e9s"},"image":{"@id":"https:\/\/vilafames.org\/#\/schema\/logo\/image\/"},"sameAs":["https:\/\/www.facebook.com\/AjuntamentVilafames","https:\/\/x.com\/ajtvilafames","https:\/\/www.instagram.com\/ajuntamentvilafames\/","https:\/\/www.youtube.com\/channel\/UCjXWt3n8FHiahgKqHZWOTXQ"]}]}},"_links":{"self":[{"href":"https:\/\/vilafames.org\/es\/wp-json\/wp\/v2\/pages\/7691","targetHints":{"allow":["GET"]}}],"collection":[{"href":"https:\/\/vilafames.org\/es\/wp-json\/wp\/v2\/pages"}],"about":[{"href":"https:\/\/vilafames.org\/es\/wp-json\/wp\/v2\/types\/page"}],"author":[{"embeddable":true,"href":"https:\/\/vilafames.org\/es\/wp-json\/wp\/v2\/users\/3"}],"replies":[{"embeddable":true,"href":"https:\/\/vilafames.org\/es\/wp-json\/wp\/v2\/comments?post=7691"}],"version-history":[{"count":5,"href":"https:\/\/vilafames.org\/es\/wp-json\/wp\/v2\/pages\/7691\/revisions"}],"predecessor-version":[{"id":11896,"href":"https:\/\/vilafames.org\/es\/wp-json\/wp\/v2\/pages\/7691\/revisions\/11896"}],"wp:attachment":[{"href":"https:\/\/vilafames.org\/es\/wp-json\/wp\/v2\/media?parent=7691"}],"curies":[{"name":"wp","href":"https:\/\/api.w.org\/{rel}","templated":true}]}}