{"id":189,"date":"2015-05-14T11:47:13","date_gmt":"2015-05-14T15:47:13","guid":{"rendered":"http:\/\/demos.volovar.net\/townpress.wp\/demo\/?page_id=189"},"modified":"2026-04-07T12:54:32","modified_gmt":"2026-04-07T10:54:32","slug":"equip-de-govern","status":"publish","type":"page","link":"https:\/\/vilafames.org\/es\/equip-de-govern\/","title":{"rendered":"Equipo de gobierno"},"content":{"rendered":"<p>[vc_row][vc_column]\n            <div class=\"widget shortcode-widget lsvr_person-list-widget lsvr_person-list-widget--shortcode\"><div class=\"widget__inner\">\n<div class=\"widget__content\">\n\n\t\n\t\t<ul class=\"lsvr_person-list-widget__list\">\n\n    \t\t\n    \t\t\t<li class=\"lsvr_person-list-widget__item lsvr_person-list-widget__item--has-thumb\">\n    \t\t\t\t<div class=\"lsvr_person-list-widget__item-inner\">\n\n\t        \t\t\t\n\t        \t\t\t\t<p class=\"lsvr_person-list-widget__item-thumb\">\n\t        \t\t\t\t\t<a href=\"https:\/\/vilafames.org\/es\/equip\/myriam-pascual-celades\/\" class=\"lsvr_person-list-widget__item-thumb-link\">\n\t        \t\t\t\t\t\t<img decoding=\"async\" width=\"150\" height=\"150\" data-src=\"https:\/\/vilafames.org\/wp-content\/uploads\/Maria-Pascual-1-150x150.jpg\" class=\"attachment-thumbnail size-thumbnail wp-post-image lazyload\" alt=\"\" src=\"data:image\/gif;base64,R0lGODlhAQABAAAAACH5BAEKAAEALAAAAAABAAEAAAICTAEAOw==\" style=\"--smush-placeholder-width: 150px; --smush-placeholder-aspect-ratio: 150\/150;\" \/>\t        \t\t\t\t\t<\/a>\n\t        \t\t\t\t<\/p>\n\n\t        \t\t\t\n\t        \t\t\t<h4 class=\"lsvr_person-list-widget__item-title\">\n\t        \t\t\t\t<a href=\"https:\/\/vilafames.org\/es\/equip\/myriam-pascual-celades\/\" class=\"lsvr_person-list-widget__item-title-link\">\n\t        \t\t\t\t\tMYRIAM PASCUAL CELADES\t        \t\t\t\t<\/a>\n\t        \t\t\t<\/h4>\n\n\t        \t\t\t\n\t        \t\t\t\t<p class=\"lsvr_person-list-widget__item-subtitle\">\n\t\t\t\t\t\t\t\t2\u00aa Tinent d\u2019Alcalde. Salut, Envelliment Actiu, Afers Socials i Habitatge, Serveis i Manteniment, Parcs i Jardins, i Cementeri.\t        \t\t\t\t<\/p>\n\n\t        \t\t\t\n\t\t\t\t\t\t\n\t\t\t\t\t<\/div>\n    \t\t\t<\/li>\n\n    \t\t\n    \t\t\t<li class=\"lsvr_person-list-widget__item lsvr_person-list-widget__item--has-thumb\">\n    \t\t\t\t<div class=\"lsvr_person-list-widget__item-inner\">\n\n\t        \t\t\t\n\t        \t\t\t\t<p class=\"lsvr_person-list-widget__item-thumb\">\n\t        \t\t\t\t\t<a href=\"https:\/\/vilafames.org\/es\/equip\/oscar-sanchez-guallart\/\" class=\"lsvr_person-list-widget__item-thumb-link\">\n\t        \t\t\t\t\t\t<img decoding=\"async\" width=\"150\" height=\"150\" data-src=\"https:\/\/vilafames.org\/wp-content\/uploads\/oscar-1-150x150.png\" class=\"attachment-thumbnail size-thumbnail wp-post-image lazyload\" alt=\"\" src=\"data:image\/gif;base64,R0lGODlhAQABAAAAACH5BAEKAAEALAAAAAABAAEAAAICTAEAOw==\" style=\"--smush-placeholder-width: 150px; --smush-placeholder-aspect-ratio: 150\/150;\" \/>\t        \t\t\t\t\t<\/a>\n\t        \t\t\t\t<\/p>\n\n\t        \t\t\t\n\t        \t\t\t<h4 class=\"lsvr_person-list-widget__item-title\">\n\t        \t\t\t\t<a href=\"https:\/\/vilafames.org\/es\/equip\/oscar-sanchez-guallart\/\" class=\"lsvr_person-list-widget__item-title-link\">\n\t        \t\t\t\t\t\u00d3SCAR S\u00c1NCHEZ GUALLART\t        \t\t\t\t<\/a>\n\t        \t\t\t<\/h4>\n\n\t        \t\t\t\n\t        \t\t\t\t<p class=\"lsvr_person-list-widget__item-subtitle\">\n\t\t\t\t\t\t\t\tFestes\t        \t\t\t\t<\/p>\n\n\t        \t\t\t\n\t\t\t\t\t\t\n\t\t\t\t\t<\/div>\n    \t\t\t<\/li>\n\n    \t\t\n    \t\t\t<li class=\"lsvr_person-list-widget__item lsvr_person-list-widget__item--has-thumb\">\n    \t\t\t\t<div class=\"lsvr_person-list-widget__item-inner\">\n\n\t        \t\t\t\n\t        \t\t\t\t<p class=\"lsvr_person-list-widget__item-thumb\">\n\t        \t\t\t\t\t<a href=\"https:\/\/vilafames.org\/es\/equip\/abel-ibanez-mallasen\/\" class=\"lsvr_person-list-widget__item-thumb-link\">\n\t        \t\t\t\t\t\t<img decoding=\"async\" width=\"150\" height=\"150\" data-src=\"https:\/\/vilafames.org\/wp-content\/uploads\/Gemini_Generated_Image_da0ktpda0ktpda0k-150x150.png\" class=\"attachment-thumbnail size-thumbnail wp-post-image lazyload\" alt=\"\" src=\"data:image\/gif;base64,R0lGODlhAQABAAAAACH5BAEKAAEALAAAAAABAAEAAAICTAEAOw==\" style=\"--smush-placeholder-width: 150px; --smush-placeholder-aspect-ratio: 150\/150;\" \/>\t        \t\t\t\t\t<\/a>\n\t        \t\t\t\t<\/p>\n\n\t        \t\t\t\n\t        \t\t\t<h4 class=\"lsvr_person-list-widget__item-title\">\n\t        \t\t\t\t<a href=\"https:\/\/vilafames.org\/es\/equip\/abel-ibanez-mallasen\/\" class=\"lsvr_person-list-widget__item-title-link\">\n\t        \t\t\t\t\tABEL IB\u00c1\u00d1EZ MALLAS\u00c9N\t        \t\t\t\t<\/a>\n\t        \t\t\t<\/h4>\n\n\t        \t\t\t\n\t        \t\t\t\t<p class=\"lsvr_person-list-widget__item-subtitle\">\n\t\t\t\t\t\t\t\tAlcalde-President. Recursos Humans i Governaci\u00f3, Seguretat P\u00fablica i Emerg\u00e8ncies, Urbanisme, Obres i Projectes Urbans, Mobilitat, Industria, Ocupaci\u00f3 i Agricultura\t        \t\t\t\t<\/p>\n\n\t        \t\t\t\n\t\t\t\t\t\t\n\t\t\t\t\t<\/div>\n    \t\t\t<\/li>\n\n    \t\t\n    \t\t\t<li class=\"lsvr_person-list-widget__item lsvr_person-list-widget__item--has-thumb\">\n    \t\t\t\t<div class=\"lsvr_person-list-widget__item-inner\">\n\n\t        \t\t\t\n\t        \t\t\t\t<p class=\"lsvr_person-list-widget__item-thumb\">\n\t        \t\t\t\t\t<a href=\"https:\/\/vilafames.org\/es\/equip\/raul-forcadell-garcia\/\" class=\"lsvr_person-list-widget__item-thumb-link\">\n\t        \t\t\t\t\t\t<img decoding=\"async\" width=\"150\" height=\"150\" data-src=\"https:\/\/vilafames.org\/wp-content\/uploads\/Raul-Forcadell-150x150.jpg\" class=\"attachment-thumbnail size-thumbnail wp-post-image lazyload\" alt=\"\" src=\"data:image\/gif;base64,R0lGODlhAQABAAAAACH5BAEKAAEALAAAAAABAAEAAAICTAEAOw==\" style=\"--smush-placeholder-width: 150px; --smush-placeholder-aspect-ratio: 150\/150;\" \/>\t        \t\t\t\t\t<\/a>\n\t        \t\t\t\t<\/p>\n\n\t        \t\t\t\n\t        \t\t\t<h4 class=\"lsvr_person-list-widget__item-title\">\n\t        \t\t\t\t<a href=\"https:\/\/vilafames.org\/es\/equip\/raul-forcadell-garcia\/\" class=\"lsvr_person-list-widget__item-title-link\">\n\t        \t\t\t\t\tRA\u00dcL FORCADELL GARCIA\t        \t\t\t\t<\/a>\n\t        \t\t\t<\/h4>\n\n\t        \t\t\t\n\t        \t\t\t\t<p class=\"lsvr_person-list-widget__item-subtitle\">\n\t\t\t\t\t\t\t\t3er Tinent d\u2019Alcalde Hisenda i contractaci\u00f3, cultura i museu, patrimoni i BIC, noves tecnologies, comunicaci\u00f3, esports, comer\u00e7, consum i turisme, i transici\u00f3 ecol\u00f2gica (energia, residus i medi ambient)\t        \t\t\t\t<\/p>\n\n\t        \t\t\t\n\t\t\t\t\t\t\n\t\t\t\t\t<\/div>\n    \t\t\t<\/li>\n\n    \t\t\n    \t\t\t<li class=\"lsvr_person-list-widget__item lsvr_person-list-widget__item--has-thumb\">\n    \t\t\t\t<div class=\"lsvr_person-list-widget__item-inner\">\n\n\t        \t\t\t\n\t        \t\t\t\t<p class=\"lsvr_person-list-widget__item-thumb\">\n\t        \t\t\t\t\t<a href=\"https:\/\/vilafames.org\/es\/equip\/ana-andrada-fores\/\" class=\"lsvr_person-list-widget__item-thumb-link\">\n\t        \t\t\t\t\t\t<img decoding=\"async\" width=\"150\" height=\"150\" data-src=\"https:\/\/vilafames.org\/wp-content\/uploads\/Ana-Andrada-150x150.png\" class=\"attachment-thumbnail size-thumbnail wp-post-image lazyload\" alt=\"\" src=\"data:image\/gif;base64,R0lGODlhAQABAAAAACH5BAEKAAEALAAAAAABAAEAAAICTAEAOw==\" style=\"--smush-placeholder-width: 150px; --smush-placeholder-aspect-ratio: 150\/150;\" \/>\t        \t\t\t\t\t<\/a>\n\t        \t\t\t\t<\/p>\n\n\t        \t\t\t\n\t        \t\t\t<h4 class=\"lsvr_person-list-widget__item-title\">\n\t        \t\t\t\t<a href=\"https:\/\/vilafames.org\/es\/equip\/ana-andrada-fores\/\" class=\"lsvr_person-list-widget__item-title-link\">\n\t        \t\t\t\t\tANA ANDRADA FOR\u00c9S\t        \t\t\t\t<\/a>\n\t        \t\t\t<\/h4>\n\n\t        \t\t\t\n\t        \t\t\t\t<p class=\"lsvr_person-list-widget__item-subtitle\">\n\t\t\t\t\t\t\t\t1\u00aa Tinent d\u2019Alcalde. Benestar animal, joventut, igualtat, educaci\u00f3 i participaci\u00f3 ciutadana. \t        \t\t\t\t<\/p>\n\n\t        \t\t\t\n\t\t\t\t\t\t\n\t\t\t\t\t<\/div>\n    \t\t\t<\/li>\n\n    \t\t\n\t\t<\/ul>\n\n\t\t\n\t\n<\/div>\n\n<\/div><\/div>\n            [\/vc_column][\/vc_row][vc_row][vc_column width=\u00bb1\/2&#8243;][vc_column_text][lsvr_team_member portrait=\u00bb9937&#8243; name=\u00bbRA\u00dcL FORCADELL GARCIA\u00bb role=\u00bbHisenda, Noves Tecnologies, Cultura i Museu, Participaci\u00f3 Ciutadana, Parcs i Jardins, Comer\u00e7, Consum i Turisme, i Transici\u00f3 Ecol\u00f2gica (Energia, Residus i Medi Ambient)\u00bb]Email: <a href=\"mailto:raul.forcadell@vilafames.es\">raul.forcadell@vilafames.es<\/a>[\/lsvr_team_member][lsvr_team_member name=\u00bbABEL IB\u00c1\u00d1EZ MALLAS\u00c9N\u00bb role=\u00bbAlcalde-President. Recursos Humans i Governaci\u00f3, Seguretat P\u00fablica i Emerg\u00e8ncies, Urbanisme, Obres i Projectes Urbans, Mobilitat, Industria, Ocupaci\u00f3 i Agricultura\u00bb portrait=\u00bb9934&#8243;]Email: <a href=\"mailto:abel.ibanez@vilafames.es\">abel.ibanez@vilafames.es<\/a>[\/lsvr_team_member][lsvr_team_member portrait=\u00bb9936&#8243; name=\u00bb\u00d3SCAR S\u00c1NCHEZ GUALLART\u00bb role=\u00bbSeguretat P\u00fablica i Emerg\u00e8ncies, Festes, Ind\u00fastria, Ocupaci\u00f3 i Agricultura\u00bb]Email: <a href=\"mailto:oscar.sanchez@vilafames.es\">oscar.sanchez@vilafames.es<\/a>[\/lsvr_team_member][lsvr_team_member portrait=\u00bb9935&#8243; name=\u00bbMYRIAM PASCUAL CELADES\u00bb role=\u00bbSalut, Envelliment Actiu, Comunicaci\u00f3, Transpar\u00e8ncia, Serveis i Manteniment i Cementeri\u00bb]Email: <a href=\"mailto:maria.pascual@vilafames.es\">maria.pascual@vilafames.es<\/a>[\/lsvr_team_member][\/vc_column_text][\/vc_column][vc_column width=\u00bb1\/2&#8243;][\/vc_column][\/vc_row]","protected":false},"excerpt":{"rendered":"<p>[vc_row][vc_column][\/vc_column][\/vc_row][vc_row][vc_column width=\u00bb1\/2&#8243;][vc_column_text][lsvr_team_member portrait=\u00bb9937&#8243; name=\u00bbRA\u00dcL FORCADELL GARCIA\u00bb role=\u00bbHisenda, Noves Tecnologies, Cultura i Museu, Participaci\u00f3 Ciutadana, Parcs i Jardins, Comer\u00e7, Consum i Turisme, i Transici\u00f3 Ecol\u00f2gica (Energia, Residus i Medi Ambient)\u00bb]Email: raul.forcadell@vilafames.es[\/lsvr_team_member][lsvr_team_member name=\u00bbABEL IB\u00c1\u00d1EZ MALLAS\u00c9N\u00bb role=\u00bbAlcalde-President. Recursos Humans i Governaci\u00f3, Seguretat P\u00fablica i Emerg\u00e8ncies, Urbanisme, Obres i Projectes Urbans, Mobilitat, Industria, Ocupaci\u00f3 i Agricultura\u00bb portrait=\u00bb9934&#8243;]Email: abel.ibanez@vilafames.es[\/lsvr_team_member][lsvr_team_member portrait=\u00bb9936&#8243; [&hellip;]<\/p>\n","protected":false},"author":3,"featured_media":0,"parent":0,"menu_order":0,"comment_status":"closed","ping_status":"closed","template":"page-templates\/not-boxed.php","meta":{"footnotes":""},"class_list":["post-189","page","type-page","status-publish","hentry"],"yoast_head":"<!-- This site is optimized with the Yoast SEO plugin v24.8.1 - https:\/\/yoast.com\/wordpress\/plugins\/seo\/ -->\n<title>Equipo de gobierno - Web de l&#039;Ajuntament de Vilafam\u00e9s<\/title>\n<meta name=\"robots\" content=\"index, follow, max-snippet:-1, max-image-preview:large, max-video-preview:-1\" \/>\n<link rel=\"canonical\" href=\"https:\/\/vilafames.org\/equip-de-govern\/\" \/>\n<meta property=\"og:locale\" content=\"es_ES\" \/>\n<meta property=\"og:type\" content=\"article\" \/>\n<meta property=\"og:title\" content=\"[:ca]Equip de govern[:es]Equipo de gobierno[:] - Web de l&#039;Ajuntament de Vilafam\u00e9s\" \/>\n<meta property=\"og:description\" content=\"[vc_row][vc_column][\/vc_column][\/vc_row][vc_row][vc_column width=\u00bb1\/2&#8243;][vc_column_text][lsvr_team_member portrait=\u00bb9937&#8243; name=\u00bbRA\u00dcL FORCADELL GARCIA\u00bb role=\u00bbHisenda, Noves Tecnologies, Cultura i Museu, Participaci\u00f3 Ciutadana, Parcs i Jardins, Comer\u00e7, Consum i Turisme, i Transici\u00f3 Ecol\u00f2gica (Energia, Residus i Medi Ambient)\u00bb]Email: raul.forcadell@vilafames.es[\/lsvr_team_member][lsvr_team_member name=\u00bbABEL IB\u00c1\u00d1EZ MALLAS\u00c9N\u00bb role=\u00bbAlcalde-President. Recursos Humans i Governaci\u00f3, Seguretat P\u00fablica i Emerg\u00e8ncies, Urbanisme, Obres i Projectes Urbans, Mobilitat, Industria, Ocupaci\u00f3 i Agricultura\u00bb portrait=\u00bb9934&#8243;]Email: abel.ibanez@vilafames.es[\/lsvr_team_member][lsvr_team_member portrait=\u00bb9936&#8243; [&hellip;]\" \/>\n<meta property=\"og:url\" content=\"https:\/\/vilafames.org\/equip-de-govern\/\" \/>\n<meta property=\"og:site_name\" content=\"Web de l&#039;Ajuntament de Vilafam\u00e9s\" \/>\n<meta property=\"article:publisher\" content=\"https:\/\/www.facebook.com\/AjuntamentVilafames\" \/>\n<meta property=\"article:modified_time\" content=\"2026-04-07T10:54:32+00:00\" \/>\n<meta name=\"twitter:card\" content=\"summary_large_image\" \/>\n<meta name=\"twitter:site\" content=\"@ajtvilafames\" \/>\n<meta name=\"twitter:label1\" content=\"Tiempo de lectura\" \/>\n\t<meta name=\"twitter:data1\" content=\"2 minutos\" \/>\n<script type=\"application\/ld+json\" class=\"yoast-schema-graph\">{\"@context\":\"https:\/\/schema.org\",\"@graph\":[{\"@type\":\"WebPage\",\"@id\":\"https:\/\/vilafames.org\/equip-de-govern\/\",\"url\":\"https:\/\/vilafames.org\/equip-de-govern\/\",\"name\":\"[:ca]Equip de govern[:es]Equipo de gobierno[:] - Web de l&#039;Ajuntament de Vilafam\u00e9s\",\"isPartOf\":{\"@id\":\"https:\/\/vilafames.org\/#website\"},\"datePublished\":\"2015-05-14T15:47:13+00:00\",\"dateModified\":\"2026-04-07T10:54:32+00:00\",\"breadcrumb\":{\"@id\":\"https:\/\/vilafames.org\/equip-de-govern\/#breadcrumb\"},\"inLanguage\":\"es\",\"potentialAction\":[{\"@type\":\"ReadAction\",\"target\":[\"https:\/\/vilafames.org\/equip-de-govern\/\"]}]},{\"@type\":\"BreadcrumbList\",\"@id\":\"https:\/\/vilafames.org\/equip-de-govern\/#breadcrumb\",\"itemListElement\":[{\"@type\":\"ListItem\",\"position\":1,\"name\":\"Inici\",\"item\":\"https:\/\/vilafames.org\/\"},{\"@type\":\"ListItem\",\"position\":2,\"name\":\"Equipo de gobierno\"}]},{\"@type\":\"WebSite\",\"@id\":\"https:\/\/vilafames.org\/#website\",\"url\":\"https:\/\/vilafames.org\/\",\"name\":\"Web de l'Ajuntament de Vilafam\u00e9s\",\"description\":\"Web de l&#039;Ajuntament de Vilafam\u00e9s\",\"publisher\":{\"@id\":\"https:\/\/vilafames.org\/#organization\"},\"potentialAction\":[{\"@type\":\"SearchAction\",\"target\":{\"@type\":\"EntryPoint\",\"urlTemplate\":\"https:\/\/vilafames.org\/?s={search_term_string}\"},\"query-input\":{\"@type\":\"PropertyValueSpecification\",\"valueRequired\":true,\"valueName\":\"search_term_string\"}}],\"inLanguage\":\"es\"},{\"@type\":\"Organization\",\"@id\":\"https:\/\/vilafames.org\/#organization\",\"name\":\"Web de l'Ajuntament de Vilafam\u00e9s\",\"url\":\"https:\/\/vilafames.org\/\",\"logo\":{\"@type\":\"ImageObject\",\"inLanguage\":\"es\",\"@id\":\"https:\/\/vilafames.org\/#\/schema\/logo\/image\/\",\"url\":\"https:\/\/vilafames.org\/wp-content\/uploads\/cropped-marca_v_rgb-1-1.png\",\"contentUrl\":\"https:\/\/vilafames.org\/wp-content\/uploads\/cropped-marca_v_rgb-1-1.png\",\"width\":558,\"height\":269,\"caption\":\"Web de l'Ajuntament de Vilafam\u00e9s\"},\"image\":{\"@id\":\"https:\/\/vilafames.org\/#\/schema\/logo\/image\/\"},\"sameAs\":[\"https:\/\/www.facebook.com\/AjuntamentVilafames\",\"https:\/\/x.com\/ajtvilafames\",\"https:\/\/www.instagram.com\/ajuntamentvilafames\/\",\"https:\/\/www.youtube.com\/channel\/UCjXWt3n8FHiahgKqHZWOTXQ\"]}]}<\/script>\n<!-- \/ Yoast SEO plugin. -->","yoast_head_json":{"title":"[:ca]Equip de govern[:es]Equipo de gobierno[:] - Web de l&#039;Ajuntament de Vilafam\u00e9s","robots":{"index":"index","follow":"follow","max-snippet":"max-snippet:-1","max-image-preview":"max-image-preview:large","max-video-preview":"max-video-preview:-1"},"canonical":"https:\/\/vilafames.org\/equip-de-govern\/","og_locale":"es_ES","og_type":"article","og_title":"[:ca]Equip de govern[:es]Equipo de gobierno[:] - Web de l&#039;Ajuntament de Vilafam\u00e9s","og_description":"[vc_row][vc_column][\/vc_column][\/vc_row][vc_row][vc_column width=\u00bb1\/2&#8243;][vc_column_text][lsvr_team_member portrait=\u00bb9937&#8243; name=\u00bbRA\u00dcL FORCADELL GARCIA\u00bb role=\u00bbHisenda, Noves Tecnologies, Cultura i Museu, Participaci\u00f3 Ciutadana, Parcs i Jardins, Comer\u00e7, Consum i Turisme, i Transici\u00f3 Ecol\u00f2gica (Energia, Residus i Medi Ambient)\u00bb]Email: raul.forcadell@vilafames.es[\/lsvr_team_member][lsvr_team_member name=\u00bbABEL IB\u00c1\u00d1EZ MALLAS\u00c9N\u00bb role=\u00bbAlcalde-President. Recursos Humans i Governaci\u00f3, Seguretat P\u00fablica i Emerg\u00e8ncies, Urbanisme, Obres i Projectes Urbans, Mobilitat, Industria, Ocupaci\u00f3 i Agricultura\u00bb portrait=\u00bb9934&#8243;]Email: abel.ibanez@vilafames.es[\/lsvr_team_member][lsvr_team_member portrait=\u00bb9936&#8243; [&hellip;]","og_url":"https:\/\/vilafames.org\/equip-de-govern\/","og_site_name":"Web de l&#039;Ajuntament de Vilafam\u00e9s","article_publisher":"https:\/\/www.facebook.com\/AjuntamentVilafames","article_modified_time":"2026-04-07T10:54:32+00:00","twitter_card":"summary_large_image","twitter_site":"@ajtvilafames","twitter_misc":{"Tiempo de lectura":"2 minutos"},"schema":{"@context":"https:\/\/schema.org","@graph":[{"@type":"WebPage","@id":"https:\/\/vilafames.org\/equip-de-govern\/","url":"https:\/\/vilafames.org\/equip-de-govern\/","name":"[:ca]Equip de govern[:es]Equipo de gobierno[:] - Web de l&#039;Ajuntament de Vilafam\u00e9s","isPartOf":{"@id":"https:\/\/vilafames.org\/#website"},"datePublished":"2015-05-14T15:47:13+00:00","dateModified":"2026-04-07T10:54:32+00:00","breadcrumb":{"@id":"https:\/\/vilafames.org\/equip-de-govern\/#breadcrumb"},"inLanguage":"es","potentialAction":[{"@type":"ReadAction","target":["https:\/\/vilafames.org\/equip-de-govern\/"]}]},{"@type":"BreadcrumbList","@id":"https:\/\/vilafames.org\/equip-de-govern\/#breadcrumb","itemListElement":[{"@type":"ListItem","position":1,"name":"Inici","item":"https:\/\/vilafames.org\/"},{"@type":"ListItem","position":2,"name":"Equipo de gobierno"}]},{"@type":"WebSite","@id":"https:\/\/vilafames.org\/#website","url":"https:\/\/vilafames.org\/","name":"Web de l'Ajuntament de Vilafam\u00e9s","description":"Web de l&#039;Ajuntament de Vilafam\u00e9s","publisher":{"@id":"https:\/\/vilafames.org\/#organization"},"potentialAction":[{"@type":"SearchAction","target":{"@type":"EntryPoint","urlTemplate":"https:\/\/vilafames.org\/?s={search_term_string}"},"query-input":{"@type":"PropertyValueSpecification","valueRequired":true,"valueName":"search_term_string"}}],"inLanguage":"es"},{"@type":"Organization","@id":"https:\/\/vilafames.org\/#organization","name":"Web de l'Ajuntament de Vilafam\u00e9s","url":"https:\/\/vilafames.org\/","logo":{"@type":"ImageObject","inLanguage":"es","@id":"https:\/\/vilafames.org\/#\/schema\/logo\/image\/","url":"https:\/\/vilafames.org\/wp-content\/uploads\/cropped-marca_v_rgb-1-1.png","contentUrl":"https:\/\/vilafames.org\/wp-content\/uploads\/cropped-marca_v_rgb-1-1.png","width":558,"height":269,"caption":"Web de l'Ajuntament de Vilafam\u00e9s"},"image":{"@id":"https:\/\/vilafames.org\/#\/schema\/logo\/image\/"},"sameAs":["https:\/\/www.facebook.com\/AjuntamentVilafames","https:\/\/x.com\/ajtvilafames","https:\/\/www.instagram.com\/ajuntamentvilafames\/","https:\/\/www.youtube.com\/channel\/UCjXWt3n8FHiahgKqHZWOTXQ"]}]}},"_links":{"self":[{"href":"https:\/\/vilafames.org\/es\/wp-json\/wp\/v2\/pages\/189","targetHints":{"allow":["GET"]}}],"collection":[{"href":"https:\/\/vilafames.org\/es\/wp-json\/wp\/v2\/pages"}],"about":[{"href":"https:\/\/vilafames.org\/es\/wp-json\/wp\/v2\/types\/page"}],"author":[{"embeddable":true,"href":"https:\/\/vilafames.org\/es\/wp-json\/wp\/v2\/users\/3"}],"replies":[{"embeddable":true,"href":"https:\/\/vilafames.org\/es\/wp-json\/wp\/v2\/comments?post=189"}],"version-history":[{"count":5,"href":"https:\/\/vilafames.org\/es\/wp-json\/wp\/v2\/pages\/189\/revisions"}],"predecessor-version":[{"id":14194,"href":"https:\/\/vilafames.org\/es\/wp-json\/wp\/v2\/pages\/189\/revisions\/14194"}],"wp:attachment":[{"href":"https:\/\/vilafames.org\/es\/wp-json\/wp\/v2\/media?parent=189"}],"curies":[{"name":"wp","href":"https:\/\/api.w.org\/{rel}","templated":true}]}}