{"id":1606,"date":"2017-01-22T19:33:45","date_gmt":"2017-01-22T18:33:45","guid":{"rendered":"http:\/\/vilafames.org\/?page_id=1606"},"modified":"2024-12-21T17:59:05","modified_gmt":"2024-12-21T16:59:05","slug":"els-estrets-el-raco-de-rata","status":"publish","type":"page","link":"https:\/\/vilafames.org\/es\/patrimoni\/els-estrets-el-raco-de-rata\/","title":{"rendered":"Els Estrets-el Rac\u00f3 de Rata"},"content":{"rendered":"<p><img decoding=\"async\" class=\"wp-image-1647 alignleft lazyload\" data-src=\"https:\/\/vilafames.corvanit.com\/wp-content\/uploads\/elsestrets1.jpg\" alt=\"\" width=\"600\" height=\"400\" data-srcset=\"https:\/\/vilafames.org\/wp-content\/uploads\/elsestrets1.jpg 1024w, https:\/\/vilafames.org\/wp-content\/uploads\/elsestrets1-300x200.jpg 300w, https:\/\/vilafames.org\/wp-content\/uploads\/elsestrets1-768x512.jpg 768w\" data-sizes=\"(max-width: 600px) 100vw, 600px\" src=\"data:image\/gif;base64,R0lGODlhAQABAAAAACH5BAEKAAEALAAAAAABAAEAAAICTAEAOw==\" style=\"--smush-placeholder-width: 600px; --smush-placeholder-aspect-ratio: 600\/400;\" \/>El yacimiento arqueol\u00f3gico de Els Estrets-el Rac\u00f3 de Rata se sit\u00faa sobre el espol\u00f3n sur-oriental del Tossal d&#8217;en Bosch, un contrafuerte monta\u00f1oso que rodea en su sector occidental el Pla de Vilafam\u00e9s, a la salida del barranco de Els Estrets.<\/p>\n<p>El poblado tiene una superficie de 0,3 ha y presenta una muralla que rodea todo su per\u00edmetro; las intervenciones arqueol\u00f3gicas que se llevan a cabo desde 1990 han permitido profundizar en el conocimiento de su evoluci\u00f3n y ocupaci\u00f3n, que se sit\u00faa cronol\u00f3gicamente entre los siglos III-I a.C., dentro del llamado periodo Ib\u00e9rico Tard\u00edo.<\/p>\n<p><iframe data-src=\"https:\/\/sketchfab.com\/models\/a6d73a99852e4bb79521f92a3792acd1\/embed\" width=\"100%\" height=\"480\" frameborder=\"0\" allowfullscreen=\"allowfullscreen\" src=\"data:image\/gif;base64,R0lGODlhAQABAAAAACH5BAEKAAEALAAAAAABAAEAAAICTAEAOw==\" class=\"lazyload\" data-load-mode=\"1\"><\/iframe><\/p>\n<p><img decoding=\"async\" class=\"wp-image-1646 alignright lazyload\" data-src=\"https:\/\/vilafames.corvanit.com\/wp-content\/uploads\/elsestrets.jpg\" alt=\"\" width=\"600\" height=\"400\" data-srcset=\"https:\/\/vilafames.org\/wp-content\/uploads\/elsestrets.jpg 1024w, https:\/\/vilafames.org\/wp-content\/uploads\/elsestrets-300x200.jpg 300w, https:\/\/vilafames.org\/wp-content\/uploads\/elsestrets-768x512.jpg 768w\" data-sizes=\"(max-width: 600px) 100vw, 600px\" src=\"data:image\/gif;base64,R0lGODlhAQABAAAAACH5BAEKAAEALAAAAAABAAEAAAICTAEAOw==\" style=\"--smush-placeholder-width: 600px; --smush-placeholder-aspect-ratio: 600\/400;\" \/>Su excelente estado de conservaci\u00f3n (por no haberse visto afectado por los trabajos agr\u00edcolas) perite apreciar una potente muralla a la que se adosan torres cuadrangulares y circulares, destacando entre \u00e9stas \u00faltimas la situada en la zona de acceso. En su interior se hallan calles y viviendas con paredes que superan los 2 metros de altura, indicando la existencia de un piso superior; en ellas se han podido documentar distintas \u00e1reas de trabajos dom\u00e9sticos (molienda de cereales, almac\u00e9n, telares, etc.) y restos humanos asociados a ritos de protecci\u00f3n de las casas.<\/p>\n<p>Declarado Bien de Inter\u00e9s Cultural, en 1997, en la categor\u00eda de Monumento.","protected":false},"excerpt":{"rendered":"<p>El yacimiento arqueol\u00f3gico de Els Estrets-el Rac\u00f3 de Rata se sit\u00faa sobre el espol\u00f3n sur-oriental del Tossal d&#8217;en Bosch, un contrafuerte monta\u00f1oso que rodea en su sector occidental el Pla de Vilafam\u00e9s, a la salida del barranco de Els Estrets. El poblado tiene una superficie de 0,3 ha y presenta una muralla que rodea todo [&hellip;]<\/p>\n","protected":false},"author":3,"featured_media":1647,"parent":662,"menu_order":0,"comment_status":"closed","ping_status":"closed","template":"","meta":{"footnotes":""},"class_list":["post-1606","page","type-page","status-publish","has-post-thumbnail","hentry"],"yoast_head":"<!-- This site is optimized with the Yoast SEO plugin v24.8.1 - https:\/\/yoast.com\/wordpress\/plugins\/seo\/ -->\n<title>Els Estrets-el Rac\u00f3 de Rata - Web de l&#039;Ajuntament de Vilafam\u00e9s<\/title>\n<meta name=\"robots\" content=\"index, follow, max-snippet:-1, max-image-preview:large, max-video-preview:-1\" \/>\n<link rel=\"canonical\" href=\"https:\/\/vilafames.org\/poble__trashed\/patrimoni\/els-estrets-el-raco-de-rata\/\" \/>\n<meta property=\"og:locale\" content=\"es_ES\" \/>\n<meta property=\"og:type\" content=\"article\" \/>\n<meta property=\"og:title\" content=\"Els Estrets-el Rac\u00f3 de Rata - Web de l&#039;Ajuntament de Vilafam\u00e9s\" \/>\n<meta property=\"og:description\" content=\"El yacimiento arqueol\u00f3gico de Els Estrets-el Rac\u00f3 de Rata se sit\u00faa sobre el espol\u00f3n sur-oriental del Tossal d&#8217;en Bosch, un contrafuerte monta\u00f1oso que rodea en su sector occidental el Pla de Vilafam\u00e9s, a la salida del barranco de Els Estrets. El poblado tiene una superficie de 0,3 ha y presenta una muralla que rodea todo [&hellip;]\" \/>\n<meta property=\"og:url\" content=\"https:\/\/vilafames.org\/poble__trashed\/patrimoni\/els-estrets-el-raco-de-rata\/\" \/>\n<meta property=\"og:site_name\" content=\"Web de l&#039;Ajuntament de Vilafam\u00e9s\" \/>\n<meta property=\"article:publisher\" content=\"https:\/\/www.facebook.com\/AjuntamentVilafames\" \/>\n<meta property=\"article:modified_time\" content=\"2024-12-21T16:59:05+00:00\" \/>\n<meta property=\"og:image\" content=\"https:\/\/vilafames.org\/wp-content\/uploads\/elsestrets1.jpg\" \/>\n\t<meta property=\"og:image:width\" content=\"1024\" \/>\n\t<meta property=\"og:image:height\" content=\"683\" \/>\n\t<meta property=\"og:image:type\" content=\"image\/jpeg\" \/>\n<meta name=\"twitter:card\" content=\"summary_large_image\" \/>\n<meta name=\"twitter:site\" content=\"@ajtvilafames\" \/>\n<meta name=\"twitter:label1\" content=\"Tiempo de lectura\" \/>\n\t<meta name=\"twitter:data1\" content=\"2 minutos\" \/>\n<script type=\"application\/ld+json\" class=\"yoast-schema-graph\">{\"@context\":\"https:\/\/schema.org\",\"@graph\":[{\"@type\":\"WebPage\",\"@id\":\"https:\/\/vilafames.org\/poble__trashed\/patrimoni\/els-estrets-el-raco-de-rata\/\",\"url\":\"https:\/\/vilafames.org\/poble__trashed\/patrimoni\/els-estrets-el-raco-de-rata\/\",\"name\":\"Els Estrets-el Rac\u00f3 de Rata - Web de l&#039;Ajuntament de Vilafam\u00e9s\",\"isPartOf\":{\"@id\":\"https:\/\/vilafames.org\/#website\"},\"primaryImageOfPage\":{\"@id\":\"https:\/\/vilafames.org\/poble__trashed\/patrimoni\/els-estrets-el-raco-de-rata\/#primaryimage\"},\"image\":{\"@id\":\"https:\/\/vilafames.org\/poble__trashed\/patrimoni\/els-estrets-el-raco-de-rata\/#primaryimage\"},\"thumbnailUrl\":\"https:\/\/vilafames.org\/wp-content\/uploads\/elsestrets1.jpg\",\"datePublished\":\"2017-01-22T18:33:45+00:00\",\"dateModified\":\"2024-12-21T16:59:05+00:00\",\"breadcrumb\":{\"@id\":\"https:\/\/vilafames.org\/poble__trashed\/patrimoni\/els-estrets-el-raco-de-rata\/#breadcrumb\"},\"inLanguage\":\"es\",\"potentialAction\":[{\"@type\":\"ReadAction\",\"target\":[\"https:\/\/vilafames.org\/poble__trashed\/patrimoni\/els-estrets-el-raco-de-rata\/\"]}]},{\"@type\":\"ImageObject\",\"inLanguage\":\"es\",\"@id\":\"https:\/\/vilafames.org\/poble__trashed\/patrimoni\/els-estrets-el-raco-de-rata\/#primaryimage\",\"url\":\"https:\/\/vilafames.org\/wp-content\/uploads\/elsestrets1.jpg\",\"contentUrl\":\"https:\/\/vilafames.org\/wp-content\/uploads\/elsestrets1.jpg\",\"width\":1024,\"height\":683},{\"@type\":\"BreadcrumbList\",\"@id\":\"https:\/\/vilafames.org\/poble__trashed\/patrimoni\/els-estrets-el-raco-de-rata\/#breadcrumb\",\"itemListElement\":[{\"@type\":\"ListItem\",\"position\":1,\"name\":\"Inici\",\"item\":\"https:\/\/vilafames.org\/\"},{\"@type\":\"ListItem\",\"position\":2,\"name\":\"Patrimonio\",\"item\":\"https:\/\/vilafames.org\/poble__trashed\/patrimoni\/\"},{\"@type\":\"ListItem\",\"position\":3,\"name\":\"Els Estrets-el Rac\u00f3 de Rata\"}]},{\"@type\":\"WebSite\",\"@id\":\"https:\/\/vilafames.org\/#website\",\"url\":\"https:\/\/vilafames.org\/\",\"name\":\"Web de l'Ajuntament de Vilafam\u00e9s\",\"description\":\"Web de l&#039;Ajuntament de Vilafam\u00e9s\",\"publisher\":{\"@id\":\"https:\/\/vilafames.org\/#organization\"},\"potentialAction\":[{\"@type\":\"SearchAction\",\"target\":{\"@type\":\"EntryPoint\",\"urlTemplate\":\"https:\/\/vilafames.org\/?s={search_term_string}\"},\"query-input\":{\"@type\":\"PropertyValueSpecification\",\"valueRequired\":true,\"valueName\":\"search_term_string\"}}],\"inLanguage\":\"es\"},{\"@type\":\"Organization\",\"@id\":\"https:\/\/vilafames.org\/#organization\",\"name\":\"Web de l'Ajuntament de Vilafam\u00e9s\",\"url\":\"https:\/\/vilafames.org\/\",\"logo\":{\"@type\":\"ImageObject\",\"inLanguage\":\"es\",\"@id\":\"https:\/\/vilafames.org\/#\/schema\/logo\/image\/\",\"url\":\"https:\/\/vilafames.org\/wp-content\/uploads\/cropped-marca_v_rgb-1-1.png\",\"contentUrl\":\"https:\/\/vilafames.org\/wp-content\/uploads\/cropped-marca_v_rgb-1-1.png\",\"width\":558,\"height\":269,\"caption\":\"Web de l'Ajuntament de Vilafam\u00e9s\"},\"image\":{\"@id\":\"https:\/\/vilafames.org\/#\/schema\/logo\/image\/\"},\"sameAs\":[\"https:\/\/www.facebook.com\/AjuntamentVilafames\",\"https:\/\/x.com\/ajtvilafames\",\"https:\/\/www.instagram.com\/ajuntamentvilafames\/\",\"https:\/\/www.youtube.com\/channel\/UCjXWt3n8FHiahgKqHZWOTXQ\"]}]}<\/script>\n<!-- \/ Yoast SEO plugin. -->","yoast_head_json":{"title":"Els Estrets-el Rac\u00f3 de Rata - Web de l&#039;Ajuntament de Vilafam\u00e9s","robots":{"index":"index","follow":"follow","max-snippet":"max-snippet:-1","max-image-preview":"max-image-preview:large","max-video-preview":"max-video-preview:-1"},"canonical":"https:\/\/vilafames.org\/poble__trashed\/patrimoni\/els-estrets-el-raco-de-rata\/","og_locale":"es_ES","og_type":"article","og_title":"Els Estrets-el Rac\u00f3 de Rata - Web de l&#039;Ajuntament de Vilafam\u00e9s","og_description":"El yacimiento arqueol\u00f3gico de Els Estrets-el Rac\u00f3 de Rata se sit\u00faa sobre el espol\u00f3n sur-oriental del Tossal d&#8217;en Bosch, un contrafuerte monta\u00f1oso que rodea en su sector occidental el Pla de Vilafam\u00e9s, a la salida del barranco de Els Estrets. El poblado tiene una superficie de 0,3 ha y presenta una muralla que rodea todo [&hellip;]","og_url":"https:\/\/vilafames.org\/poble__trashed\/patrimoni\/els-estrets-el-raco-de-rata\/","og_site_name":"Web de l&#039;Ajuntament de Vilafam\u00e9s","article_publisher":"https:\/\/www.facebook.com\/AjuntamentVilafames","article_modified_time":"2024-12-21T16:59:05+00:00","og_image":[{"width":1024,"height":683,"url":"https:\/\/vilafames.org\/wp-content\/uploads\/elsestrets1.jpg","type":"image\/jpeg"}],"twitter_card":"summary_large_image","twitter_site":"@ajtvilafames","twitter_misc":{"Tiempo de lectura":"2 minutos"},"schema":{"@context":"https:\/\/schema.org","@graph":[{"@type":"WebPage","@id":"https:\/\/vilafames.org\/poble__trashed\/patrimoni\/els-estrets-el-raco-de-rata\/","url":"https:\/\/vilafames.org\/poble__trashed\/patrimoni\/els-estrets-el-raco-de-rata\/","name":"Els Estrets-el Rac\u00f3 de Rata - Web de l&#039;Ajuntament de Vilafam\u00e9s","isPartOf":{"@id":"https:\/\/vilafames.org\/#website"},"primaryImageOfPage":{"@id":"https:\/\/vilafames.org\/poble__trashed\/patrimoni\/els-estrets-el-raco-de-rata\/#primaryimage"},"image":{"@id":"https:\/\/vilafames.org\/poble__trashed\/patrimoni\/els-estrets-el-raco-de-rata\/#primaryimage"},"thumbnailUrl":"https:\/\/vilafames.org\/wp-content\/uploads\/elsestrets1.jpg","datePublished":"2017-01-22T18:33:45+00:00","dateModified":"2024-12-21T16:59:05+00:00","breadcrumb":{"@id":"https:\/\/vilafames.org\/poble__trashed\/patrimoni\/els-estrets-el-raco-de-rata\/#breadcrumb"},"inLanguage":"es","potentialAction":[{"@type":"ReadAction","target":["https:\/\/vilafames.org\/poble__trashed\/patrimoni\/els-estrets-el-raco-de-rata\/"]}]},{"@type":"ImageObject","inLanguage":"es","@id":"https:\/\/vilafames.org\/poble__trashed\/patrimoni\/els-estrets-el-raco-de-rata\/#primaryimage","url":"https:\/\/vilafames.org\/wp-content\/uploads\/elsestrets1.jpg","contentUrl":"https:\/\/vilafames.org\/wp-content\/uploads\/elsestrets1.jpg","width":1024,"height":683},{"@type":"BreadcrumbList","@id":"https:\/\/vilafames.org\/poble__trashed\/patrimoni\/els-estrets-el-raco-de-rata\/#breadcrumb","itemListElement":[{"@type":"ListItem","position":1,"name":"Inici","item":"https:\/\/vilafames.org\/"},{"@type":"ListItem","position":2,"name":"Patrimonio","item":"https:\/\/vilafames.org\/poble__trashed\/patrimoni\/"},{"@type":"ListItem","position":3,"name":"Els Estrets-el Rac\u00f3 de Rata"}]},{"@type":"WebSite","@id":"https:\/\/vilafames.org\/#website","url":"https:\/\/vilafames.org\/","name":"Web de l'Ajuntament de Vilafam\u00e9s","description":"Web de l&#039;Ajuntament de Vilafam\u00e9s","publisher":{"@id":"https:\/\/vilafames.org\/#organization"},"potentialAction":[{"@type":"SearchAction","target":{"@type":"EntryPoint","urlTemplate":"https:\/\/vilafames.org\/?s={search_term_string}"},"query-input":{"@type":"PropertyValueSpecification","valueRequired":true,"valueName":"search_term_string"}}],"inLanguage":"es"},{"@type":"Organization","@id":"https:\/\/vilafames.org\/#organization","name":"Web de l'Ajuntament de Vilafam\u00e9s","url":"https:\/\/vilafames.org\/","logo":{"@type":"ImageObject","inLanguage":"es","@id":"https:\/\/vilafames.org\/#\/schema\/logo\/image\/","url":"https:\/\/vilafames.org\/wp-content\/uploads\/cropped-marca_v_rgb-1-1.png","contentUrl":"https:\/\/vilafames.org\/wp-content\/uploads\/cropped-marca_v_rgb-1-1.png","width":558,"height":269,"caption":"Web de l'Ajuntament de Vilafam\u00e9s"},"image":{"@id":"https:\/\/vilafames.org\/#\/schema\/logo\/image\/"},"sameAs":["https:\/\/www.facebook.com\/AjuntamentVilafames","https:\/\/x.com\/ajtvilafames","https:\/\/www.instagram.com\/ajuntamentvilafames\/","https:\/\/www.youtube.com\/channel\/UCjXWt3n8FHiahgKqHZWOTXQ"]}]}},"_links":{"self":[{"href":"https:\/\/vilafames.org\/es\/wp-json\/wp\/v2\/pages\/1606","targetHints":{"allow":["GET"]}}],"collection":[{"href":"https:\/\/vilafames.org\/es\/wp-json\/wp\/v2\/pages"}],"about":[{"href":"https:\/\/vilafames.org\/es\/wp-json\/wp\/v2\/types\/page"}],"author":[{"embeddable":true,"href":"https:\/\/vilafames.org\/es\/wp-json\/wp\/v2\/users\/3"}],"replies":[{"embeddable":true,"href":"https:\/\/vilafames.org\/es\/wp-json\/wp\/v2\/comments?post=1606"}],"version-history":[{"count":5,"href":"https:\/\/vilafames.org\/es\/wp-json\/wp\/v2\/pages\/1606\/revisions"}],"predecessor-version":[{"id":11503,"href":"https:\/\/vilafames.org\/es\/wp-json\/wp\/v2\/pages\/1606\/revisions\/11503"}],"up":[{"embeddable":true,"href":"https:\/\/vilafames.org\/es\/wp-json\/wp\/v2\/pages\/662"}],"wp:featuredmedia":[{"embeddable":true,"href":"https:\/\/vilafames.org\/es\/wp-json\/wp\/v2\/media\/1647"}],"wp:attachment":[{"href":"https:\/\/vilafames.org\/es\/wp-json\/wp\/v2\/media?parent=1606"}],"curies":[{"name":"wp","href":"https:\/\/api.w.org\/{rel}","templated":true}]}}