{"id":1450,"date":"2017-01-16T01:13:04","date_gmt":"2017-01-16T00:13:04","guid":{"rendered":"http:\/\/vilafames.org\/?page_id=1450"},"modified":"2021-01-19T08:51:53","modified_gmt":"2021-01-19T07:51:53","slug":"itineraris-paisatgistics","status":"publish","type":"page","link":"https:\/\/vilafames.org\/es\/itineraris-paisatgistics\/","title":{"rendered":"Itinerarios paisaj\u00edsticos"},"content":{"rendered":"<p>\n<div>\n<div>\n<div>El proyecto elaborado tiene como finalidad informar y formar sobre la gesti\u00f3n y el uso tradicional del agua en nuestras tierras. As\u00ed como crear una conciencia que el agua, un bien limitado, puede ser utilizada de diferentes maneras, con el fin de obtener el mayor partidado; tal y como se ha hecho desde tiempos pasados en las fuentes que presentamos. Todo ello en unos parajes de elevado inter\u00e9s floristico y paisaj\u00edstico.<\/div>\n<\/div>\n<\/div>\n<div>\n<div>\n<div>\n<p>Para ello se han dise\u00f1ado dos itinerarios de tipo paisaj\u00edstico. En cada itinerario, se estuaidn la se\u00f1alizaci\u00f3n y los paneles informativos m\u00e1s adecuados, as\u00ed como el lugar de ubicaci\u00f3n. Adem\u00e1s se han elaborado dos Guias Did\u00e1cticas, una para cada itinerario, dirigida a alumnos de educaci\u00f3n primera y primer ciclo de la ESO. Cada gu\u00eda va a compa\u00f1ada del correspondiente Cuadernos o Gu\u00eda del Profesor, donde se explican m\u00e1s ampliamente las diferentes actividades que han de realizar los alumnos. Todo ello teniendo en cuenta que la gu\u00eda es una herramienta de trabajo que se puede modificar y adaptarse a las diferenes circunstancias pedag\u00f3gicas.<\/p>\n<p><strong><a href=\"http:\/\/vilafames.es\/files\/files\/itineraris_paisatgistics_font_de_les_piques_i_penella.pdf\" target=\"_blank\" rel=\"noopener noreferrer\">Itinerarios Paisaj\u00edsticos<\/a>:<\/strong><\/p>\n<p>Itinerario Paisaj\u00edstico: La Font de les Piques<\/p>\n<p>&#8211; <a href=\"http:\/\/vilafames.es\/files\/files\/font_de_les_piques_guia_didactica.pdf\" target=\"_blank\" rel=\"noopener noreferrer\">Gu\u00eda Did\u00e1ctica<\/a><\/p>\n<p>&#8211; <a href=\"http:\/\/vilafames.es\/files\/files\/font_de_les_piques_guia_didactica_quadern_professor.pdf\" target=\"_blank\" rel=\"noopener noreferrer\">Gu\u00eda Did\u00e1ctica &#8211; Cuaderno del Profesor<\/a><\/p>\n<p>Itinerario Paisaj\u00edstico: La Font de la Penella<\/p>\n<p>&#8211; <a href=\"http:\/\/vilafames.es\/files\/files\/font_de_la_penella_guia_didactica.pdf\" target=\"_blank\" rel=\"noopener noreferrer\">Gu\u00eda Did\u00e1ctica<\/a><\/p>\n<p>&#8211; <a href=\"http:\/\/vilafames.es\/files\/files\/font_de_la_penella_guia_didactica_quadern_professor.pdf\" target=\"_blank\" rel=\"noopener noreferrer\">Gu\u00eda Did\u00e1ctica &#8211; Cuaderno del Profesor<\/a><\/p>\n<\/div>\n<\/div>\n<\/div>\n<p>","protected":false},"excerpt":{"rendered":"<p>El proyecto elaborado tiene como finalidad informar y formar sobre la gesti\u00f3n y el uso tradicional del agua en nuestras tierras. As\u00ed como crear una conciencia que el agua, un bien limitado, puede ser utilizada de diferentes maneras, con el fin de obtener el mayor partidado; tal y como se ha hecho desde tiempos pasados [&hellip;]<\/p>\n","protected":false},"author":3,"featured_media":0,"parent":0,"menu_order":0,"comment_status":"closed","ping_status":"closed","template":"","meta":{"footnotes":""},"class_list":["post-1450","page","type-page","status-publish","hentry"],"yoast_head":"<!-- This site is optimized with the Yoast SEO plugin v24.8.1 - https:\/\/yoast.com\/wordpress\/plugins\/seo\/ -->\n<title>Itinerarios paisaj\u00edsticos - Web de l&#039;Ajuntament de Vilafam\u00e9s<\/title>\n<meta name=\"robots\" content=\"index, follow, max-snippet:-1, max-image-preview:large, max-video-preview:-1\" \/>\n<link rel=\"canonical\" href=\"https:\/\/vilafames.org\/turismo__trashed\/itineraris-paisatgistics\/\" \/>\n<meta property=\"og:locale\" content=\"es_ES\" \/>\n<meta property=\"og:type\" content=\"article\" \/>\n<meta property=\"og:title\" content=\"[:ca]Itineraris paisatg\u00edstics[:es]Itinerarios paisaj\u00edsticos[:] - Web de l&#039;Ajuntament de Vilafam\u00e9s\" \/>\n<meta property=\"og:description\" content=\"El proyecto elaborado tiene como finalidad informar y formar sobre la gesti\u00f3n y el uso tradicional del agua en nuestras tierras. As\u00ed como crear una conciencia que el agua, un bien limitado, puede ser utilizada de diferentes maneras, con el fin de obtener el mayor partidado; tal y como se ha hecho desde tiempos pasados [&hellip;]\" \/>\n<meta property=\"og:url\" content=\"https:\/\/vilafames.org\/turismo__trashed\/itineraris-paisatgistics\/\" \/>\n<meta property=\"og:site_name\" content=\"Web de l&#039;Ajuntament de Vilafam\u00e9s\" \/>\n<meta property=\"article:publisher\" content=\"https:\/\/www.facebook.com\/AjuntamentVilafames\" \/>\n<meta property=\"article:modified_time\" content=\"2021-01-19T07:51:53+00:00\" \/>\n<meta name=\"twitter:card\" content=\"summary_large_image\" \/>\n<meta name=\"twitter:site\" content=\"@ajtvilafames\" \/>\n<meta name=\"twitter:label1\" content=\"Tiempo de lectura\" \/>\n\t<meta name=\"twitter:data1\" content=\"2 minutos\" \/>\n<script type=\"application\/ld+json\" class=\"yoast-schema-graph\">{\"@context\":\"https:\/\/schema.org\",\"@graph\":[{\"@type\":\"WebPage\",\"@id\":\"https:\/\/vilafames.org\/turismo__trashed\/itineraris-paisatgistics\/\",\"url\":\"https:\/\/vilafames.org\/turismo__trashed\/itineraris-paisatgistics\/\",\"name\":\"[:ca]Itineraris paisatg\u00edstics[:es]Itinerarios paisaj\u00edsticos[:] - Web de l&#039;Ajuntament de Vilafam\u00e9s\",\"isPartOf\":{\"@id\":\"https:\/\/vilafames.org\/#website\"},\"datePublished\":\"2017-01-16T00:13:04+00:00\",\"dateModified\":\"2021-01-19T07:51:53+00:00\",\"breadcrumb\":{\"@id\":\"https:\/\/vilafames.org\/turismo__trashed\/itineraris-paisatgistics\/#breadcrumb\"},\"inLanguage\":\"es\",\"potentialAction\":[{\"@type\":\"ReadAction\",\"target\":[\"https:\/\/vilafames.org\/turismo__trashed\/itineraris-paisatgistics\/\"]}]},{\"@type\":\"BreadcrumbList\",\"@id\":\"https:\/\/vilafames.org\/turismo__trashed\/itineraris-paisatgistics\/#breadcrumb\",\"itemListElement\":[{\"@type\":\"ListItem\",\"position\":1,\"name\":\"Inici\",\"item\":\"https:\/\/vilafames.org\/\"},{\"@type\":\"ListItem\",\"position\":2,\"name\":\"Itineraris paisatg\u00edstics\"}]},{\"@type\":\"WebSite\",\"@id\":\"https:\/\/vilafames.org\/#website\",\"url\":\"https:\/\/vilafames.org\/\",\"name\":\"Web de l'Ajuntament de Vilafam\u00e9s\",\"description\":\"Web de l&#039;Ajuntament de Vilafam\u00e9s\",\"publisher\":{\"@id\":\"https:\/\/vilafames.org\/#organization\"},\"potentialAction\":[{\"@type\":\"SearchAction\",\"target\":{\"@type\":\"EntryPoint\",\"urlTemplate\":\"https:\/\/vilafames.org\/?s={search_term_string}\"},\"query-input\":{\"@type\":\"PropertyValueSpecification\",\"valueRequired\":true,\"valueName\":\"search_term_string\"}}],\"inLanguage\":\"es\"},{\"@type\":\"Organization\",\"@id\":\"https:\/\/vilafames.org\/#organization\",\"name\":\"Web de l'Ajuntament de Vilafam\u00e9s\",\"url\":\"https:\/\/vilafames.org\/\",\"logo\":{\"@type\":\"ImageObject\",\"inLanguage\":\"es\",\"@id\":\"https:\/\/vilafames.org\/#\/schema\/logo\/image\/\",\"url\":\"https:\/\/vilafames.org\/wp-content\/uploads\/cropped-marca_v_rgb-1-1.png\",\"contentUrl\":\"https:\/\/vilafames.org\/wp-content\/uploads\/cropped-marca_v_rgb-1-1.png\",\"width\":558,\"height\":269,\"caption\":\"Web de l'Ajuntament de Vilafam\u00e9s\"},\"image\":{\"@id\":\"https:\/\/vilafames.org\/#\/schema\/logo\/image\/\"},\"sameAs\":[\"https:\/\/www.facebook.com\/AjuntamentVilafames\",\"https:\/\/x.com\/ajtvilafames\",\"https:\/\/www.instagram.com\/ajuntamentvilafames\/\",\"https:\/\/www.youtube.com\/channel\/UCjXWt3n8FHiahgKqHZWOTXQ\"]}]}<\/script>\n<!-- \/ Yoast SEO plugin. -->","yoast_head_json":{"title":"[:ca]Itineraris paisatg\u00edstics[:es]Itinerarios paisaj\u00edsticos[:] - Web de l&#039;Ajuntament de Vilafam\u00e9s","robots":{"index":"index","follow":"follow","max-snippet":"max-snippet:-1","max-image-preview":"max-image-preview:large","max-video-preview":"max-video-preview:-1"},"canonical":"https:\/\/vilafames.org\/turismo__trashed\/itineraris-paisatgistics\/","og_locale":"es_ES","og_type":"article","og_title":"[:ca]Itineraris paisatg\u00edstics[:es]Itinerarios paisaj\u00edsticos[:] - Web de l&#039;Ajuntament de Vilafam\u00e9s","og_description":"El proyecto elaborado tiene como finalidad informar y formar sobre la gesti\u00f3n y el uso tradicional del agua en nuestras tierras. As\u00ed como crear una conciencia que el agua, un bien limitado, puede ser utilizada de diferentes maneras, con el fin de obtener el mayor partidado; tal y como se ha hecho desde tiempos pasados [&hellip;]","og_url":"https:\/\/vilafames.org\/turismo__trashed\/itineraris-paisatgistics\/","og_site_name":"Web de l&#039;Ajuntament de Vilafam\u00e9s","article_publisher":"https:\/\/www.facebook.com\/AjuntamentVilafames","article_modified_time":"2021-01-19T07:51:53+00:00","twitter_card":"summary_large_image","twitter_site":"@ajtvilafames","twitter_misc":{"Tiempo de lectura":"2 minutos"},"schema":{"@context":"https:\/\/schema.org","@graph":[{"@type":"WebPage","@id":"https:\/\/vilafames.org\/turismo__trashed\/itineraris-paisatgistics\/","url":"https:\/\/vilafames.org\/turismo__trashed\/itineraris-paisatgistics\/","name":"[:ca]Itineraris paisatg\u00edstics[:es]Itinerarios paisaj\u00edsticos[:] - Web de l&#039;Ajuntament de Vilafam\u00e9s","isPartOf":{"@id":"https:\/\/vilafames.org\/#website"},"datePublished":"2017-01-16T00:13:04+00:00","dateModified":"2021-01-19T07:51:53+00:00","breadcrumb":{"@id":"https:\/\/vilafames.org\/turismo__trashed\/itineraris-paisatgistics\/#breadcrumb"},"inLanguage":"es","potentialAction":[{"@type":"ReadAction","target":["https:\/\/vilafames.org\/turismo__trashed\/itineraris-paisatgistics\/"]}]},{"@type":"BreadcrumbList","@id":"https:\/\/vilafames.org\/turismo__trashed\/itineraris-paisatgistics\/#breadcrumb","itemListElement":[{"@type":"ListItem","position":1,"name":"Inici","item":"https:\/\/vilafames.org\/"},{"@type":"ListItem","position":2,"name":"Itineraris paisatg\u00edstics"}]},{"@type":"WebSite","@id":"https:\/\/vilafames.org\/#website","url":"https:\/\/vilafames.org\/","name":"Web de l'Ajuntament de Vilafam\u00e9s","description":"Web de l&#039;Ajuntament de Vilafam\u00e9s","publisher":{"@id":"https:\/\/vilafames.org\/#organization"},"potentialAction":[{"@type":"SearchAction","target":{"@type":"EntryPoint","urlTemplate":"https:\/\/vilafames.org\/?s={search_term_string}"},"query-input":{"@type":"PropertyValueSpecification","valueRequired":true,"valueName":"search_term_string"}}],"inLanguage":"es"},{"@type":"Organization","@id":"https:\/\/vilafames.org\/#organization","name":"Web de l'Ajuntament de Vilafam\u00e9s","url":"https:\/\/vilafames.org\/","logo":{"@type":"ImageObject","inLanguage":"es","@id":"https:\/\/vilafames.org\/#\/schema\/logo\/image\/","url":"https:\/\/vilafames.org\/wp-content\/uploads\/cropped-marca_v_rgb-1-1.png","contentUrl":"https:\/\/vilafames.org\/wp-content\/uploads\/cropped-marca_v_rgb-1-1.png","width":558,"height":269,"caption":"Web de l'Ajuntament de Vilafam\u00e9s"},"image":{"@id":"https:\/\/vilafames.org\/#\/schema\/logo\/image\/"},"sameAs":["https:\/\/www.facebook.com\/AjuntamentVilafames","https:\/\/x.com\/ajtvilafames","https:\/\/www.instagram.com\/ajuntamentvilafames\/","https:\/\/www.youtube.com\/channel\/UCjXWt3n8FHiahgKqHZWOTXQ"]}]}},"_links":{"self":[{"href":"https:\/\/vilafames.org\/es\/wp-json\/wp\/v2\/pages\/1450","targetHints":{"allow":["GET"]}}],"collection":[{"href":"https:\/\/vilafames.org\/es\/wp-json\/wp\/v2\/pages"}],"about":[{"href":"https:\/\/vilafames.org\/es\/wp-json\/wp\/v2\/types\/page"}],"author":[{"embeddable":true,"href":"https:\/\/vilafames.org\/es\/wp-json\/wp\/v2\/users\/3"}],"replies":[{"embeddable":true,"href":"https:\/\/vilafames.org\/es\/wp-json\/wp\/v2\/comments?post=1450"}],"version-history":[{"count":0,"href":"https:\/\/vilafames.org\/es\/wp-json\/wp\/v2\/pages\/1450\/revisions"}],"wp:attachment":[{"href":"https:\/\/vilafames.org\/es\/wp-json\/wp\/v2\/media?parent=1450"}],"curies":[{"name":"wp","href":"https:\/\/api.w.org\/{rel}","templated":true}]}}