{"version":"1.0","provider_name":"Web de l&#039;Ajuntament de Vilafam\u00e9s","provider_url":"https:\/\/vilafames.org\/es","author_name":"vilafames","author_url":"https:\/\/vilafames.org\/es\/author\/vilafames\/","title":"[:ca]Vilafam\u00e9s viu amb emoci\u00f3 la Setmana Santa[:es]Vilafam\u00e9s vive con emoci\u00f3n la Semana Santa[:] - Web de l&#039;Ajuntament de Vilafam\u00e9s","type":"rich","width":600,"height":338,"html":"<blockquote class=\"wp-embedded-content\" data-secret=\"XxyodFFjtR\"><a href=\"https:\/\/vilafames.org\/es\/vilafames-viu-amb-emocio-la-setmana-santa\/\">Vilafam\u00e9s vive con emoci\u00f3n la Semana Santa<\/a><\/blockquote><iframe sandbox=\"allow-scripts\" security=\"restricted\" src=\"https:\/\/vilafames.org\/es\/vilafames-viu-amb-emocio-la-setmana-santa\/embed\/#?secret=XxyodFFjtR\" width=\"600\" height=\"338\" title=\"\u00abVilafam\u00e9s vive con emoci\u00f3n la Semana Santa\u00bb \u2014 Web de l&#039;Ajuntament de Vilafam\u00e9s\" data-secret=\"XxyodFFjtR\" frameborder=\"0\" marginwidth=\"0\" marginheight=\"0\" scrolling=\"no\" class=\"wp-embedded-content\"><\/iframe><script type=\"text\/javascript\">\n\/* <![CDATA[ *\/\n\/*! This file is auto-generated *\/\n!function(d,l){\"use strict\";l.querySelector&&d.addEventListener&&\"undefined\"!=typeof URL&&(d.wp=d.wp||{},d.wp.receiveEmbedMessage||(d.wp.receiveEmbedMessage=function(e){var t=e.data;if((t||t.secret||t.message||t.value)&&!\/[^a-zA-Z0-9]\/.test(t.secret)){for(var s,r,n,a=l.querySelectorAll('iframe[data-secret=\"'+t.secret+'\"]'),o=l.querySelectorAll('blockquote[data-secret=\"'+t.secret+'\"]'),c=new RegExp(\"^https?:$\",\"i\"),i=0;i<o.length;i++)o[i].style.display=\"none\";for(i=0;i<a.length;i++)s=a[i],e.source===s.contentWindow&&(s.removeAttribute(\"style\"),\"height\"===t.message?(1e3<(r=parseInt(t.value,10))?r=1e3:~~r<200&&(r=200),s.height=r):\"link\"===t.message&&(r=new URL(s.getAttribute(\"src\")),n=new URL(t.value),c.test(n.protocol))&&n.host===r.host&&l.activeElement===s&&(d.top.location.href=t.value))}},d.addEventListener(\"message\",d.wp.receiveEmbedMessage,!1),l.addEventListener(\"DOMContentLoaded\",function(){for(var e,t,s=l.querySelectorAll(\"iframe.wp-embedded-content\"),r=0;r<s.length;r++)(t=(e=s[r]).getAttribute(\"data-secret\"))||(t=Math.random().toString(36).substring(2,12),e.src+=\"#?secret=\"+t,e.setAttribute(\"data-secret\",t)),e.contentWindow.postMessage({message:\"ready\",secret:t},\"*\")},!1)))}(window,document);\n\/* ]]> *\/\n<\/script>\n","thumbnail_url":"https:\/\/vilafames.org\/wp-content\/uploads\/Via-Crucis-a-Vilafames-1.jpg","thumbnail_width":2048,"thumbnail_height":1365,"description":"La elevada participaci\u00f3n ha sido la gran protagonista de todos los actos festivos organizados en el marco de la muerte y resurrecci\u00f3n de Jes\u00fas en Vilafam\u00e9s. La programaci\u00f3n realizada, que empez\u00f3 el Domingo de Ramos, continu\u00f3 con las emotivas procesiones que recorrieron ampliamente las calles de la localidad. Para ello, se cont\u00f3 con la participaci\u00f3n [&hellip;]"}