{"version":"1.0","provider_name":"Web de l&#039;Ajuntament de Vilafam\u00e9s","provider_url":"https:\/\/vilafames.org\/es","author_name":"vilafames","author_url":"https:\/\/vilafames.org\/es\/author\/vilafames\/","title":"[:ca]Vilafam\u00e9s torna a tindre servei de pediatria[:es]Vilafam\u00e9s vuelve a tener servicio de pediatr\u00eda[:] - Web de l&#039;Ajuntament de Vilafam\u00e9s","type":"rich","width":600,"height":338,"html":"<blockquote class=\"wp-embedded-content\" data-secret=\"DZVC1WA3F6\"><a href=\"https:\/\/vilafames.org\/es\/vilafames-torna-a-tindre-servei-de-pediatria\/\">Vilafam\u00e9s vuelve a tener servicio de pediatr\u00eda<\/a><\/blockquote><iframe sandbox=\"allow-scripts\" security=\"restricted\" src=\"https:\/\/vilafames.org\/es\/vilafames-torna-a-tindre-servei-de-pediatria\/embed\/#?secret=DZVC1WA3F6\" width=\"600\" height=\"338\" title=\"\u00abVilafam\u00e9s vuelve a tener servicio de pediatr\u00eda\u00bb \u2014 Web de l&#039;Ajuntament de Vilafam\u00e9s\" data-secret=\"DZVC1WA3F6\" frameborder=\"0\" marginwidth=\"0\" marginheight=\"0\" scrolling=\"no\" class=\"wp-embedded-content\"><\/iframe><script type=\"text\/javascript\">\n\/* <![CDATA[ *\/\n\/*! This file is auto-generated *\/\n!function(d,l){\"use strict\";l.querySelector&&d.addEventListener&&\"undefined\"!=typeof URL&&(d.wp=d.wp||{},d.wp.receiveEmbedMessage||(d.wp.receiveEmbedMessage=function(e){var t=e.data;if((t||t.secret||t.message||t.value)&&!\/[^a-zA-Z0-9]\/.test(t.secret)){for(var s,r,n,a=l.querySelectorAll('iframe[data-secret=\"'+t.secret+'\"]'),o=l.querySelectorAll('blockquote[data-secret=\"'+t.secret+'\"]'),c=new RegExp(\"^https?:$\",\"i\"),i=0;i<o.length;i++)o[i].style.display=\"none\";for(i=0;i<a.length;i++)s=a[i],e.source===s.contentWindow&&(s.removeAttribute(\"style\"),\"height\"===t.message?(1e3<(r=parseInt(t.value,10))?r=1e3:~~r<200&&(r=200),s.height=r):\"link\"===t.message&&(r=new URL(s.getAttribute(\"src\")),n=new URL(t.value),c.test(n.protocol))&&n.host===r.host&&l.activeElement===s&&(d.top.location.href=t.value))}},d.addEventListener(\"message\",d.wp.receiveEmbedMessage,!1),l.addEventListener(\"DOMContentLoaded\",function(){for(var e,t,s=l.querySelectorAll(\"iframe.wp-embedded-content\"),r=0;r<s.length;r++)(t=(e=s[r]).getAttribute(\"data-secret\"))||(t=Math.random().toString(36).substring(2,12),e.src+=\"#?secret=\"+t,e.setAttribute(\"data-secret\",t)),e.contentWindow.postMessage({message:\"ready\",secret:t},\"*\")},!1)))}(window,document);\n\/* ]]> *\/\n<\/script>\n","thumbnail_url":"https:\/\/vilafames.org\/wp-content\/uploads\/PEDIATRA-VILAFAMES.jpg","thumbnail_width":1080,"thumbnail_height":1080,"description":"Vecinos y vecinas de Vilafam\u00e9s volver\u00e1n a disfrutar del servicio de pediatr\u00eda en el municipio. El Ayuntamiento de Vilafam\u00e9s ha conseguido, por medio de gestiones administrativas con la Conseller\u00eda de Sanidad de la Generalitat Valenciana, restaurar \u00abesta importante herramienta para las familias del pueblo, muy pedida durante los \u00faltimos a\u00f1os\u00bb, ha explicado la alcaldesa, Ana [&hellip;]"}