{"version":"1.0","provider_name":"Web de l&#039;Ajuntament de Vilafam\u00e9s","provider_url":"https:\/\/vilafames.org\/es","author_name":"vilafames","author_url":"https:\/\/vilafames.org\/es\/author\/vilafames\/","title":"[:ca]L'efici\u00e8ncia energ\u00e8tica a d\u00e9bat[:es]La eficiencia energ\u00e9tica a debate[:] - Web de l&#039;Ajuntament de Vilafam\u00e9s","type":"rich","width":600,"height":338,"html":"<blockquote class=\"wp-embedded-content\" data-secret=\"KzhKkty2Hc\"><a href=\"https:\/\/vilafames.org\/es\/leficiencia-energetica-a-debat\/\">La eficiencia energ\u00e9tica a debate<\/a><\/blockquote><iframe sandbox=\"allow-scripts\" security=\"restricted\" src=\"https:\/\/vilafames.org\/es\/leficiencia-energetica-a-debat\/embed\/#?secret=KzhKkty2Hc\" width=\"600\" height=\"338\" title=\"\u00abLa eficiencia energ\u00e9tica a debate\u00bb \u2014 Web de l&#039;Ajuntament de Vilafam\u00e9s\" data-secret=\"KzhKkty2Hc\" frameborder=\"0\" marginwidth=\"0\" marginheight=\"0\" scrolling=\"no\" class=\"wp-embedded-content\"><\/iframe><script type=\"text\/javascript\">\n\/* <![CDATA[ *\/\n\/*! This file is auto-generated *\/\n!function(d,l){\"use strict\";l.querySelector&&d.addEventListener&&\"undefined\"!=typeof URL&&(d.wp=d.wp||{},d.wp.receiveEmbedMessage||(d.wp.receiveEmbedMessage=function(e){var t=e.data;if((t||t.secret||t.message||t.value)&&!\/[^a-zA-Z0-9]\/.test(t.secret)){for(var s,r,n,a=l.querySelectorAll('iframe[data-secret=\"'+t.secret+'\"]'),o=l.querySelectorAll('blockquote[data-secret=\"'+t.secret+'\"]'),c=new RegExp(\"^https?:$\",\"i\"),i=0;i<o.length;i++)o[i].style.display=\"none\";for(i=0;i<a.length;i++)s=a[i],e.source===s.contentWindow&&(s.removeAttribute(\"style\"),\"height\"===t.message?(1e3<(r=parseInt(t.value,10))?r=1e3:~~r<200&&(r=200),s.height=r):\"link\"===t.message&&(r=new URL(s.getAttribute(\"src\")),n=new URL(t.value),c.test(n.protocol))&&n.host===r.host&&l.activeElement===s&&(d.top.location.href=t.value))}},d.addEventListener(\"message\",d.wp.receiveEmbedMessage,!1),l.addEventListener(\"DOMContentLoaded\",function(){for(var e,t,s=l.querySelectorAll(\"iframe.wp-embedded-content\"),r=0;r<s.length;r++)(t=(e=s[r]).getAttribute(\"data-secret\"))||(t=Math.random().toString(36).substring(2,12),e.src+=\"#?secret=\"+t,e.setAttribute(\"data-secret\",t)),e.contentWindow.postMessage({message:\"ready\",secret:t},\"*\")},!1)))}(window,document);\n\/* ]]> *\/\n<\/script>\n","thumbnail_url":"https:\/\/vilafames.org\/wp-content\/uploads\/19023439_1470243183014106_5867128282777069005_o.jpg","thumbnail_width":2048,"thumbnail_height":1365,"description":"El arquitecto Ignacio Forcadell imparti\u00f3 una conferencia sobre arquitectura bioclim\u00e1tica y eficiencia energ\u00e9tica en Vilafam\u00e9s, que despert\u00f3 el inter\u00e9s de los vecinos preocupados por cuestiones medioambientales. Forcadell desgran\u00f3 los conocimientos como arquitecto especializado para hacer que las viviendas consumen menos energ\u00eda, lo que afecta el ahorro econ\u00f3mico y reducir la contaminaci\u00f3n. Tambi\u00e9n entr\u00f3 en recomendaciones [&hellip;]"}