{"version":"1.0","provider_name":"Web de l&#039;Ajuntament de Vilafam\u00e9s","provider_url":"https:\/\/vilafames.org\/es","author_name":"vilafames","author_url":"https:\/\/vilafames.org\/es\/author\/vilafames\/","title":"[:ca]Exposici\u00f3 art\u00edstica[:es]Exposici\u00f3n art\u00edstica[:] - Web de l&#039;Ajuntament de Vilafam\u00e9s","type":"rich","width":600,"height":338,"html":"<blockquote class=\"wp-embedded-content\" data-secret=\"UnZySSCAm4\"><a href=\"https:\/\/vilafames.org\/es\/exposicio-artistica\/\">Exposici\u00f3n art\u00edstica<\/a><\/blockquote><iframe sandbox=\"allow-scripts\" security=\"restricted\" src=\"https:\/\/vilafames.org\/es\/exposicio-artistica\/embed\/#?secret=UnZySSCAm4\" width=\"600\" height=\"338\" title=\"\u00abExposici\u00f3n art\u00edstica\u00bb \u2014 Web de l&#039;Ajuntament de Vilafam\u00e9s\" data-secret=\"UnZySSCAm4\" frameborder=\"0\" marginwidth=\"0\" marginheight=\"0\" scrolling=\"no\" class=\"wp-embedded-content\"><\/iframe><script type=\"text\/javascript\">\n\/* <![CDATA[ *\/\n\/*! This file is auto-generated *\/\n!function(d,l){\"use strict\";l.querySelector&&d.addEventListener&&\"undefined\"!=typeof URL&&(d.wp=d.wp||{},d.wp.receiveEmbedMessage||(d.wp.receiveEmbedMessage=function(e){var t=e.data;if((t||t.secret||t.message||t.value)&&!\/[^a-zA-Z0-9]\/.test(t.secret)){for(var s,r,n,a=l.querySelectorAll('iframe[data-secret=\"'+t.secret+'\"]'),o=l.querySelectorAll('blockquote[data-secret=\"'+t.secret+'\"]'),c=new RegExp(\"^https?:$\",\"i\"),i=0;i<o.length;i++)o[i].style.display=\"none\";for(i=0;i<a.length;i++)s=a[i],e.source===s.contentWindow&&(s.removeAttribute(\"style\"),\"height\"===t.message?(1e3<(r=parseInt(t.value,10))?r=1e3:~~r<200&&(r=200),s.height=r):\"link\"===t.message&&(r=new URL(s.getAttribute(\"src\")),n=new URL(t.value),c.test(n.protocol))&&n.host===r.host&&l.activeElement===s&&(d.top.location.href=t.value))}},d.addEventListener(\"message\",d.wp.receiveEmbedMessage,!1),l.addEventListener(\"DOMContentLoaded\",function(){for(var e,t,s=l.querySelectorAll(\"iframe.wp-embedded-content\"),r=0;r<s.length;r++)(t=(e=s[r]).getAttribute(\"data-secret\"))||(t=Math.random().toString(36).substring(2,12),e.src+=\"#?secret=\"+t,e.setAttribute(\"data-secret\",t)),e.contentWindow.postMessage({message:\"ready\",secret:t},\"*\")},!1)))}(window,document);\n\/* ]]> *\/\n<\/script>\n","description":"Se inician las exposiciones art\u00edsticas en la Sala Quatre Cantons de Vilafam\u00e9s. El ayuntamiento de Vilafam\u00e9s inicia las exposiciones art\u00edsticas en la Sala Quatre Cantons de Vilafam\u00e9s. Programaci\u00f3n de exposiciones LUIS BOLUMAR del 11 de julio al 3 de agosto (inauguraci\u00f3n 11 de julio a las 19:00 h) JOAQU\u00cdN SAFONT del 8 al 31 de [&hellip;]","thumbnail_url":"https:\/\/vilafames.org\/wp-content\/uploads\/cartell_exposicion_-_web.jpg","thumbnail_width":300,"thumbnail_height":188}